{"id":919,"date":"2021-10-02T19:05:37","date_gmt":"2021-10-02T17:05:37","guid":{"rendered":"https:\/\/cardinal-mueller.com\/?page_id=919"},"modified":"2023-02-14T18:04:59","modified_gmt":"2023-02-14T17:04:59","slug":"talk","status":"publish","type":"page","link":"https:\/\/cardinal-mueller.com\/index.php\/publications\/talk\/","title":{"rendered":"Talk"},"content":{"rendered":"\n<hr class=\"wp-block-separator has-alpha-channel-opacity\"\/>\n\n\n\n<figure class=\"wp-block-embed is-type-video is-provider-youtube wp-block-embed-youtube wp-embed-aspect-16-9 wp-has-aspect-ratio\"><div class=\"wp-block-embed__wrapper\">\n<iframe title=\"XV Mi\u0119dzynarodowy Kongres ,,Katolicy a wojna i pok\u00f3j\u201d: ks. kard. Gerhard L. M\u00fcller\" width=\"640\" height=\"360\" src=\"https:\/\/www.youtube.com\/embed\/Ud_EWH17zVk?feature=oembed\" frameborder=\"0\" allow=\"accelerometer; autoplay; clipboard-write; encrypted-media; gyroscope; picture-in-picture; web-share\" referrerpolicy=\"strict-origin-when-cross-origin\" allowfullscreen><\/iframe>\n<\/div><figcaption class=\"wp-element-caption\">XV Mi\u0119dzynarodowy Kongres ,,Katolicy a wojna i pok\u00f3j\u201d: ks. kard. Gerhard L. M\u00fcller (15.11.2022)<\/figcaption><\/figure>\n\n\n\n<hr class=\"wp-block-separator has-alpha-channel-opacity is-style-wide\"\/>\n\n\n\n<figure class=\"wp-block-embed is-type-video is-provider-youtube wp-block-embed-youtube wp-embed-aspect-16-9 wp-has-aspect-ratio\"><div class=\"wp-block-embed__wrapper\">\n<iframe title=\"Wyk\u0142ad kard. Gerharda Ludwiga M\u00fcllera w czasie II Kongresu dla Ma\u0142\u017ce\u0144stwa i Rodziny\" width=\"640\" height=\"360\" src=\"https:\/\/www.youtube.com\/embed\/iBn6CKDSSoc?feature=oembed\" frameborder=\"0\" allow=\"accelerometer; autoplay; clipboard-write; encrypted-media; gyroscope; picture-in-picture; web-share\" referrerpolicy=\"strict-origin-when-cross-origin\" allowfullscreen><\/iframe>\n<\/div><figcaption class=\"wp-element-caption\">Wyk\u0142ad kard. Gerharda Ludwiga M\u00fcllera w czasie II Kongresu dla Ma\u0142\u017ce\u0144stwa i Rodziny (20.11.2022)<\/figcaption><\/figure>\n\n\n\n<hr class=\"wp-block-separator has-alpha-channel-opacity is-style-wide\"\/>\n\n\n\n<figure class=\"wp-block-embed is-type-video is-provider-youtube wp-block-embed-youtube wp-embed-aspect-16-9 wp-has-aspect-ratio\"><div class=\"wp-block-embed__wrapper\">\n<iframe title=\"Gerhard Ludwig Kardinal M\u00fcller - Kirche und Staat in Deutschland\" width=\"640\" height=\"360\" src=\"https:\/\/www.youtube.com\/embed\/jIkd6YSA98A?feature=oembed\" frameborder=\"0\" allow=\"accelerometer; autoplay; clipboard-write; encrypted-media; gyroscope; picture-in-picture; web-share\" referrerpolicy=\"strict-origin-when-cross-origin\" allowfullscreen><\/iframe>\n<\/div><figcaption class=\"wp-element-caption\">Kirche und Staat in Deutschland (16.11.2022)<\/figcaption><\/figure>\n\n\n\n<hr class=\"wp-block-separator has-alpha-channel-opacity is-style-wide\"\/>\n\n\n\n<figure class=\"wp-block-embed is-type-video is-provider-youtube wp-block-embed-youtube wp-embed-aspect-16-9 wp-has-aspect-ratio\"><div class=\"wp-block-embed__wrapper\">\n<iframe title=\"kard. G. M\u00fcller - nauka rekolekcyjna dla kap\u0142an\u00f3w diecezji tarnowskiej [15.09.2022]\" width=\"640\" height=\"360\" src=\"https:\/\/www.youtube.com\/embed\/waB5Bot3Khs?feature=oembed\" frameborder=\"0\" allow=\"accelerometer; autoplay; clipboard-write; encrypted-media; gyroscope; picture-in-picture; web-share\" referrerpolicy=\"strict-origin-when-cross-origin\" allowfullscreen><\/iframe>\n<\/div><figcaption class=\"wp-element-caption\">kard. G. M\u00fcller &#8211; nauka rekolekcyjna dla kap\u0142an\u00f3w diecezji tarnowskiej (15.09.2022)<\/figcaption><\/figure>\n\n\n\n<hr class=\"wp-block-separator has-alpha-channel-opacity is-style-wide\"\/>\n\n\n\n<figure class=\"wp-block-embed is-type-video is-provider-youtube wp-block-embed-youtube wp-embed-aspect-16-9 wp-has-aspect-ratio\"><div class=\"wp-block-embed__wrapper\">\n<iframe title=\"La fede cattolica e il catechismo presentati a Roma, Centro Congressi Angelicum\" width=\"640\" height=\"360\" src=\"https:\/\/www.youtube.com\/embed\/31-dA1Adc0Y?feature=oembed\" frameborder=\"0\" allow=\"accelerometer; autoplay; clipboard-write; encrypted-media; gyroscope; picture-in-picture; web-share\" referrerpolicy=\"strict-origin-when-cross-origin\" allowfullscreen><\/iframe>\n<\/div><figcaption class=\"wp-element-caption\">La fede cattolica e il catechismo presentati a Roma, Centro Congressi Angelicum (09.06.2022)<\/figcaption><\/figure>\n\n\n\n<hr class=\"wp-block-separator has-alpha-channel-opacity is-style-wide\"\/>\n\n\n\n<figure class=\"wp-block-embed is-type-video is-provider-youtube wp-block-embed-youtube wp-embed-aspect-16-9 wp-has-aspect-ratio\"><div class=\"wp-block-embed__wrapper\">\n<iframe title=\"Recollection Lecture (Ludwig Cardinal M\u00fcller) On Cardinal Newman\" width=\"640\" height=\"360\" src=\"https:\/\/www.youtube.com\/embed\/EnOkkyOFvpk?feature=oembed\" frameborder=\"0\" allow=\"accelerometer; autoplay; clipboard-write; encrypted-media; gyroscope; picture-in-picture; web-share\" referrerpolicy=\"strict-origin-when-cross-origin\" allowfullscreen><\/iframe>\n<\/div><figcaption class=\"wp-element-caption\">Recollection Lecture (Ludwig Cardinal M\u00fcller) On Cardinal Newman (28.07.2022)<\/figcaption><\/figure>\n\n\n\n<hr class=\"wp-block-separator has-alpha-channel-opacity is-style-wide\"\/>\n\n\n\n<figure class=\"wp-block-embed is-type-video is-provider-youtube wp-block-embed-youtube wp-embed-aspect-16-9 wp-has-aspect-ratio\"><div class=\"wp-block-embed__wrapper\">\n<iframe title=\"Szukaj\u0105c prawdy i jedno\u015bci \u2022 Spotkanie z kard.Gerhardem M\u00fcllerem\" width=\"640\" height=\"360\" src=\"https:\/\/www.youtube.com\/embed\/zR9h9kXAzBA?feature=oembed\" frameborder=\"0\" allow=\"accelerometer; autoplay; clipboard-write; encrypted-media; gyroscope; picture-in-picture; web-share\" referrerpolicy=\"strict-origin-when-cross-origin\" allowfullscreen><\/iframe>\n<\/div><figcaption class=\"wp-element-caption\">&#8222;Szukaj\u0105c prawdy i jedno\u015bci&#8221;. Spotkanie z kard.Gerhardem M\u00fcllerem (26.03.2022).<\/figcaption><\/figure>\n\n\n\n<hr class=\"wp-block-separator has-css-opacity is-style-wide\"\/>\n\n\n\n<figure class=\"wp-block-embed is-type-video is-provider-youtube wp-block-embed-youtube wp-embed-aspect-16-9 wp-has-aspect-ratio\"><div class=\"wp-block-embed__wrapper\">\n<iframe title=\"XIV Mi\u0119dzynarodowy Kongres - &quot;Katolicy a wolno\u015b\u0107 religijna&quot;: Ks. kard. Gerhard M\u00fcller\" width=\"640\" height=\"360\" src=\"https:\/\/www.youtube.com\/embed\/TCcz-2b92d8?feature=oembed\" frameborder=\"0\" allow=\"accelerometer; autoplay; clipboard-write; encrypted-media; gyroscope; picture-in-picture; web-share\" referrerpolicy=\"strict-origin-when-cross-origin\" allowfullscreen><\/iframe>\n<\/div><figcaption class=\"wp-element-caption\">XIV Mi\u0119dzynarodowy Kongres &#8211; &#8222;Katolicy a wolno\u015b\u0107 religijna&#8221; (27.11.2021).<\/figcaption><\/figure>\n\n\n\n<hr class=\"wp-block-separator has-css-opacity is-style-wide\"\/>\n\n\n\n<figure class=\"wp-block-embed is-type-video is-provider-youtube wp-block-embed-youtube wp-embed-aspect-16-9 wp-has-aspect-ratio\"><div class=\"wp-block-embed__wrapper\">\n<iframe title=\"&quot;The Popes as Guardians of Human Dignity&quot; with Cardinal Gerhard M\u00fcller\" width=\"640\" height=\"360\" src=\"https:\/\/www.youtube.com\/embed\/pEoKRGbRRHM?feature=oembed\" frameborder=\"0\" allow=\"accelerometer; autoplay; clipboard-write; encrypted-media; gyroscope; picture-in-picture; web-share\" referrerpolicy=\"strict-origin-when-cross-origin\" allowfullscreen><\/iframe>\n<\/div><figcaption class=\"wp-element-caption\">&#8222;The Popes as Guardians of Human Dignity&#8221; with Cardinal Gerhard M\u00fcller (02.11.2021).<\/figcaption><\/figure>\n\n\n\n<hr class=\"wp-block-separator has-css-opacity is-style-wide\"\/>\n\n\n\n<figure class=\"wp-block-embed is-type-video is-provider-youtube wp-block-embed-youtube wp-embed-aspect-16-9 wp-has-aspect-ratio\"><div class=\"wp-block-embed__wrapper\">\n<iframe title=\"Kardinal Ludwig M\u00fcller: Gedanken zur fortschreitenden Entchristianisierung Europas\" width=\"640\" height=\"360\" src=\"https:\/\/www.youtube.com\/embed\/wGKtMDvJqfM?feature=oembed\" frameborder=\"0\" allow=\"accelerometer; autoplay; clipboard-write; encrypted-media; gyroscope; picture-in-picture; web-share\" referrerpolicy=\"strict-origin-when-cross-origin\" allowfullscreen><\/iframe>\n<\/div><figcaption class=\"wp-element-caption\">Kardinal Ludwig M\u00fcller: Gedanken zur fortschreitenden Entchristianisierung Europas (22.04.2021).<\/figcaption><\/figure>\n\n\n\n<hr class=\"wp-block-separator has-css-opacity is-style-wide\"\/>\n\n\n\n<figure class=\"wp-block-embed is-type-video is-provider-youtube wp-block-embed-youtube wp-embed-aspect-16-9 wp-has-aspect-ratio\"><div class=\"wp-block-embed__wrapper\">\n<iframe title=\"Cardinal Gerhard M\u00fcller I Christ in Preaching and Sacrament I Oct. 26 2021\" width=\"640\" height=\"360\" src=\"https:\/\/www.youtube.com\/embed\/cn7Ca-iQelU?feature=oembed\" frameborder=\"0\" allow=\"accelerometer; autoplay; clipboard-write; encrypted-media; gyroscope; picture-in-picture; web-share\" referrerpolicy=\"strict-origin-when-cross-origin\" allowfullscreen><\/iframe>\n<\/div><figcaption class=\"wp-element-caption\">Cardinal Gerhard M\u00fcller I Christ in Preaching and Sacrament (26.10.2021).<\/figcaption><\/figure>\n\n\n\n<hr class=\"wp-block-separator has-css-opacity is-style-wide\"\/>\n\n\n\n<figure class=\"wp-block-embed is-type-video is-provider-youtube wp-block-embed-youtube wp-embed-aspect-16-9 wp-has-aspect-ratio\"><div class=\"wp-block-embed__wrapper\">\n<iframe title=\"Conf\u00e9rence du Cardinal M\u00fcller \u00e0 l&#039;occasion de la sortie de son livre &quot;La force de la v\u00e9rit\u00e9&quot;\" width=\"640\" height=\"360\" src=\"https:\/\/www.youtube.com\/embed\/VL9lAJgEyJ0?feature=oembed\" frameborder=\"0\" allow=\"accelerometer; autoplay; clipboard-write; encrypted-media; gyroscope; picture-in-picture; web-share\" referrerpolicy=\"strict-origin-when-cross-origin\" allowfullscreen><\/iframe>\n<\/div><figcaption class=\"wp-element-caption\">Conf\u00e9rence du Cardinal M\u00fcller \u00e0 l&#8217;occasion de la sortie de son livre &#8222;La force de la v\u00e9rit\u00e9&#8221; (24.09.2020).<\/figcaption><\/figure>\n\n\n\n<hr class=\"wp-block-separator has-css-opacity is-style-wide\"\/>\n\n\n\n<figure class=\"wp-block-embed is-type-video is-provider-youtube wp-block-embed-youtube wp-embed-aspect-16-9 wp-has-aspect-ratio\"><div class=\"wp-block-embed__wrapper\">\n<iframe title=\"KIRCHE IN NOT - Deutschland: Interview mit Gerhard Ludwig Kardinal M\u00fcller...\" width=\"640\" height=\"360\" src=\"https:\/\/www.youtube.com\/embed\/B2y6mKmBzbY?feature=oembed\" frameborder=\"0\" allow=\"accelerometer; autoplay; clipboard-write; encrypted-media; gyroscope; picture-in-picture; web-share\" referrerpolicy=\"strict-origin-when-cross-origin\" allowfullscreen><\/iframe>\n<\/div><figcaption class=\"wp-element-caption\">KIRCHE IN NOT &#8211; Deutschland: Interview mit Gerhard Ludwig Kardinal M\u00fcller&#8230; (06.02.2019).<\/figcaption><\/figure>\n\n\n\n<hr class=\"wp-block-separator has-css-opacity is-style-wide\"\/>\n\n\n\n<figure class=\"wp-block-embed is-type-video is-provider-youtube wp-block-embed-youtube wp-embed-aspect-16-9 wp-has-aspect-ratio\"><div class=\"wp-block-embed__wrapper\">\n<iframe title=\"Moral Principles Based on Veritatis Splendor- Gerhard Ludwig M\u00fcller at Napa 2018 Conference\" width=\"640\" height=\"360\" src=\"https:\/\/www.youtube.com\/embed\/ijo-87yYc6Q?list=PLw-jEpR-AF0-rBkcsqfEtuPddJumup6Qi\" frameborder=\"0\" allow=\"accelerometer; autoplay; clipboard-write; encrypted-media; gyroscope; picture-in-picture; web-share\" referrerpolicy=\"strict-origin-when-cross-origin\" allowfullscreen><\/iframe>\n<\/div><figcaption class=\"wp-element-caption\">Moral Principles Based on Veritatis Splendor- His Eminence, Gerhard Ludwig M\u00fcller (18.12.2018).<\/figcaption><\/figure>\n\n\n\n<hr class=\"wp-block-separator has-css-opacity is-style-wide\"\/>\n\n\n\n<figure class=\"wp-block-embed is-type-video is-provider-youtube wp-block-embed-youtube wp-embed-aspect-16-9 wp-has-aspect-ratio\"><div class=\"wp-block-embed__wrapper\">\n<iframe title=\"\u201eChrystus jest zawsze nowoczesny\u201d - Spotkanie autorskie z kard. Gerhardem L. M\u00fcllerem\" width=\"640\" height=\"360\" src=\"https:\/\/www.youtube.com\/embed\/GMesOqglkNk?feature=oembed\" frameborder=\"0\" allow=\"accelerometer; autoplay; clipboard-write; encrypted-media; gyroscope; picture-in-picture; web-share\" referrerpolicy=\"strict-origin-when-cross-origin\" allowfullscreen><\/iframe>\n<\/div><figcaption class=\"wp-element-caption\">\u201eChrystus jest zawsze nowoczesny\u201d &#8211; Spotkanie autorskie z kard. Gerhardem L. M\u00fcllerem (22.08.2018).<\/figcaption><\/figure>\n\n\n\n<hr class=\"wp-block-separator has-css-opacity is-style-wide\"\/>\n\n\n\n<figure class=\"wp-block-embed is-type-video is-provider-youtube wp-block-embed-youtube wp-embed-aspect-16-9 wp-has-aspect-ratio\"><div class=\"wp-block-embed__wrapper\">\n<iframe title=\"LA CHIESA di Card. Gerhard M\u00fcller\" width=\"640\" height=\"360\" src=\"https:\/\/www.youtube.com\/embed\/WSOgrCZ99lw?feature=oembed\" frameborder=\"0\" allow=\"accelerometer; autoplay; clipboard-write; encrypted-media; gyroscope; picture-in-picture; web-share\" referrerpolicy=\"strict-origin-when-cross-origin\" allowfullscreen><\/iframe>\n<\/div><figcaption class=\"wp-element-caption\">LA CHIESA di Card. Gerhard M\u00fcller (12.10.2017).<\/figcaption><\/figure>\n\n\n\n<hr class=\"wp-block-separator has-css-opacity is-style-wide\"\/>\n\n\n\n<figure class=\"wp-block-embed is-type-video is-provider-youtube wp-block-embed-youtube wp-embed-aspect-16-9 wp-has-aspect-ratio\"><div class=\"wp-block-embed__wrapper\">\n<iframe title=\"Commencement Address | Cardinal Gerhard Mu\u0308ller\" width=\"640\" height=\"360\" src=\"https:\/\/www.youtube.com\/embed\/CyeagQLp3hw?feature=oembed\" frameborder=\"0\" allow=\"accelerometer; autoplay; clipboard-write; encrypted-media; gyroscope; picture-in-picture; web-share\" referrerpolicy=\"strict-origin-when-cross-origin\" allowfullscreen><\/iframe>\n<\/div><figcaption class=\"wp-element-caption\">Commencement Address | Cardinal Gerhard M\u00fcller (16.05.2017).<\/figcaption><\/figure>\n\n\n\n<hr class=\"wp-block-separator has-css-opacity is-style-wide\"\/>\n\n\n\n<figure class=\"wp-block-embed is-type-video is-provider-youtube wp-block-embed-youtube wp-embed-aspect-16-9 wp-has-aspect-ratio\"><div class=\"wp-block-embed__wrapper\">\n<iframe title=\"Cardinal M\u00fcller speaks at Mundelein\" width=\"640\" height=\"360\" src=\"https:\/\/www.youtube.com\/embed\/lEqkSsxEWMs?feature=oembed\" frameborder=\"0\" allow=\"accelerometer; autoplay; clipboard-write; encrypted-media; gyroscope; picture-in-picture; web-share\" referrerpolicy=\"strict-origin-when-cross-origin\" allowfullscreen><\/iframe>\n<\/div><figcaption class=\"wp-element-caption\">Cardinal M\u00fcller speaks at Mundelein (28.10.2016).<\/figcaption><\/figure>\n\n\n\n<hr class=\"wp-block-separator has-css-opacity is-style-wide\"\/>\n\n\n\n<figure class=\"wp-block-embed is-type-video is-provider-youtube wp-block-embed-youtube wp-embed-aspect-16-9 wp-has-aspect-ratio\"><div class=\"wp-block-embed__wrapper\">\n<iframe title=\"Referat: &quot;Co oznacza, \u017ce B\u00f3g jest stw\u00f3rc\u0105 \u015awiata&quot;\" width=\"640\" height=\"360\" src=\"https:\/\/www.youtube.com\/embed\/R4Cki2VwYoE?feature=oembed\" frameborder=\"0\" allow=\"accelerometer; autoplay; clipboard-write; encrypted-media; gyroscope; picture-in-picture; web-share\" referrerpolicy=\"strict-origin-when-cross-origin\" allowfullscreen><\/iframe>\n<\/div><figcaption class=\"wp-element-caption\">Referat: &#8222;Co oznacza, \u017ce B\u00f3g jest stw\u00f3rc\u0105 \u015awiata&#8221; (15.10.2016).<\/figcaption><\/figure>\n\n\n\n<hr class=\"wp-block-separator has-css-opacity is-style-wide\"\/>\n\n\n\n<figure class=\"wp-block-embed is-type-video is-provider-youtube wp-block-embed-youtube wp-embed-aspect-4-3 wp-has-aspect-ratio\"><div class=\"wp-block-embed__wrapper\">\n<iframe title=\"Vivre l&#039;ann\u00e9e de la Mis\u00e9ricorde avec Marie par le Cardinal Gerhard Ludwig M\u00fcller\" width=\"640\" height=\"480\" src=\"https:\/\/www.youtube.com\/embed\/tzwAcwOCfNk?feature=oembed\" frameborder=\"0\" allow=\"accelerometer; autoplay; clipboard-write; encrypted-media; gyroscope; picture-in-picture; web-share\" referrerpolicy=\"strict-origin-when-cross-origin\" allowfullscreen><\/iframe>\n<\/div><figcaption class=\"wp-element-caption\">Vivre l&#8217;ann\u00e9e de la Mis\u00e9ricorde avec Marie par le Cardinal Gerhard Ludwig M\u00fcller (16.02.2016).<\/figcaption><\/figure>\n\n\n\n<hr class=\"wp-block-separator has-css-opacity is-style-wide\"\/>\n\n\n\n<figure class=\"wp-block-embed is-type-video is-provider-youtube wp-block-embed-youtube wp-embed-aspect-16-9 wp-has-aspect-ratio\"><div class=\"wp-block-embed__wrapper\">\n<iframe title=\"Ascoltare la Parola di Dio \u2013 vedere il mondo alla luce della fede (Card. Gerhard Ludwig M\u00fcller)\" width=\"640\" height=\"360\" src=\"https:\/\/www.youtube.com\/embed\/fmWfvYs597Y?feature=oembed\" frameborder=\"0\" allow=\"accelerometer; autoplay; clipboard-write; encrypted-media; gyroscope; picture-in-picture; web-share\" referrerpolicy=\"strict-origin-when-cross-origin\" allowfullscreen><\/iframe>\n<\/div><figcaption class=\"wp-element-caption\">Ascoltare la Parola di Dio \u2013 vedere il mondo alla luce della fede (Card. Gerhard Ludwig M\u00fcller) (03.12.2015).<\/figcaption><\/figure>\n\n\n\n<hr class=\"wp-block-separator has-css-opacity is-style-wide\"\/>\n\n\n\n<figure class=\"wp-block-embed is-type-video is-provider-youtube wp-block-embed-youtube wp-embed-aspect-16-9 wp-has-aspect-ratio\"><div class=\"wp-block-embed__wrapper\">\n<iframe title=\"Launch: Not Just Good, but Beautiful - Cardinal Muller\" width=\"640\" height=\"360\" src=\"https:\/\/www.youtube.com\/embed\/rpJ52QSp_7A?feature=oembed\" frameborder=\"0\" allow=\"accelerometer; autoplay; clipboard-write; encrypted-media; gyroscope; picture-in-picture; web-share\" referrerpolicy=\"strict-origin-when-cross-origin\" allowfullscreen><\/iframe>\n<\/div><figcaption class=\"wp-element-caption\">Launch: Not Just Good, but Beautiful &#8211; Cardinal Muller (05.10.2015).<\/figcaption><\/figure>\n\n\n\n<hr class=\"wp-block-separator has-css-opacity is-style-wide\"\/>\n\n\n\n<figure class=\"wp-block-embed is-type-video is-provider-youtube wp-block-embed-youtube wp-embed-aspect-16-9 wp-has-aspect-ratio\"><div class=\"wp-block-embed__wrapper\">\n<iframe title=\"Kongres \u201eEwangelia Ma\u0142\u017ce\u0144stwa i Rodziny\u201d: Wyk\u0142ad ks. kard. Gerharda M\u00fcllera\" width=\"640\" height=\"360\" src=\"https:\/\/www.youtube.com\/embed\/u9aAK4cdpSs?feature=oembed\" frameborder=\"0\" allow=\"accelerometer; autoplay; clipboard-write; encrypted-media; gyroscope; picture-in-picture; web-share\" referrerpolicy=\"strict-origin-when-cross-origin\" allowfullscreen><\/iframe>\n<\/div><figcaption class=\"wp-element-caption\">Kongres \u201eEwangelia Ma\u0142\u017ce\u0144stwa i Rodziny\u201d: Wyk\u0142ad ks. kard. Gerharda M\u00fcllera (29.05.2015).<\/figcaption><\/figure>\n\n\n\n<hr class=\"wp-block-separator has-css-opacity is-style-wide\"\/>\n\n\n\n<figure class=\"wp-block-embed is-type-video is-provider-youtube wp-block-embed-youtube wp-embed-aspect-16-9 wp-has-aspect-ratio\"><div class=\"wp-block-embed__wrapper\">\n<iframe title=\"Poor for the Poor: The Mission of the Church\" width=\"640\" height=\"360\" src=\"https:\/\/www.youtube.com\/embed\/y1Ij3CEbcvs?feature=oembed\" frameborder=\"0\" allow=\"accelerometer; autoplay; clipboard-write; encrypted-media; gyroscope; picture-in-picture; web-share\" referrerpolicy=\"strict-origin-when-cross-origin\" allowfullscreen><\/iframe>\n<\/div><figcaption class=\"wp-element-caption\">Poor for the Poor: The Mission of the Church (11.12.2014).<\/figcaption><\/figure>\n\n\n\n<hr class=\"wp-block-separator has-css-opacity is-style-wide\"\/>\n\n\n\n<figure class=\"wp-block-embed is-type-video is-provider-youtube wp-block-embed-youtube wp-embed-aspect-16-9 wp-has-aspect-ratio\"><div class=\"wp-block-embed__wrapper\">\n<iframe title=\"Cardinal Gerhard M\u00fcller | Prefect of the Congregation for the Doctrine of the Faith\" width=\"640\" height=\"360\" src=\"https:\/\/www.youtube.com\/embed\/gLPE27XEPgk?feature=oembed\" frameborder=\"0\" allow=\"accelerometer; autoplay; clipboard-write; encrypted-media; gyroscope; picture-in-picture; web-share\" referrerpolicy=\"strict-origin-when-cross-origin\" allowfullscreen><\/iframe>\n<\/div><figcaption class=\"wp-element-caption\">Cardinal Gerhard M\u00fcller | Prefect of the Congregation for the Doctrine of the Faith (17.11.2014).<\/figcaption><\/figure>\n\n\n\n<hr class=\"wp-block-separator has-css-opacity is-style-wide\"\/>\n\n\n\n<figure class=\"wp-block-embed is-type-video is-provider-youtube wp-block-embed-youtube wp-embed-aspect-16-9 wp-has-aspect-ratio\"><div class=\"wp-block-embed__wrapper\">\n<iframe title=\"Opera Omnia 2014: S\u0142owo Prefekta Kongregacji Nauki Wiary\" width=\"640\" height=\"360\" src=\"https:\/\/www.youtube.com\/embed\/BKmp8iwV5cA?feature=oembed\" frameborder=\"0\" allow=\"accelerometer; autoplay; clipboard-write; encrypted-media; gyroscope; picture-in-picture; web-share\" referrerpolicy=\"strict-origin-when-cross-origin\" allowfullscreen><\/iframe>\n<\/div><figcaption class=\"wp-element-caption\">Opera Omnia 2014: S\u0142owo Prefekta Kongregacji Nauki Wiary (24.10.2014).<\/figcaption><\/figure>\n\n\n\n<hr class=\"wp-block-separator has-css-opacity is-style-wide\"\/>\n\n\n\n<figure class=\"wp-block-embed is-type-video is-provider-youtube wp-block-embed-youtube wp-embed-aspect-16-9 wp-has-aspect-ratio\"><div class=\"wp-block-embed__wrapper\">\n<iframe title=\"PUCP - Monse\u00f1or Gerhard Mu\u0308ller es nombrado Doctor Honoris Causa (noviembre 2008)\" width=\"640\" height=\"360\" src=\"https:\/\/www.youtube.com\/embed\/MnYAC7HJOlE?feature=oembed\" frameborder=\"0\" allow=\"accelerometer; autoplay; clipboard-write; encrypted-media; gyroscope; picture-in-picture; web-share\" referrerpolicy=\"strict-origin-when-cross-origin\" allowfullscreen><\/iframe>\n<\/div><figcaption class=\"wp-element-caption\">PUCP &#8211; Monse\u00f1or Gerhard M\u00fcller es nombrado Doctor Honoris Causa (28.11.2008).<\/figcaption><\/figure>\n\n\n\n<hr class=\"wp-block-separator has-css-opacity is-style-wide\"\/>\n\n\n\n<figure class=\"wp-block-embed is-type-video is-provider-youtube wp-block-embed-youtube wp-embed-aspect-4-3 wp-has-aspect-ratio\"><div class=\"wp-block-embed__wrapper\">\n<iframe title=\"Bischof Gerhard Ludwig M\u00fcller - 2. Vatikanum\" width=\"640\" height=\"480\" src=\"https:\/\/www.youtube.com\/embed\/0wvGH380hkk?feature=oembed\" frameborder=\"0\" allow=\"accelerometer; autoplay; clipboard-write; encrypted-media; gyroscope; picture-in-picture; web-share\" referrerpolicy=\"strict-origin-when-cross-origin\" allowfullscreen><\/iframe>\n<\/div><figcaption class=\"wp-element-caption\">Bischof Gerhard Ludwig M\u00fcller &#8211; 2. Vatikanum (20.05.2012).<\/figcaption><\/figure>\n\n\n\n<hr class=\"wp-block-separator has-css-opacity is-style-wide\"\/>\n\n\n\n<figure class=\"wp-block-embed is-type-video is-provider-youtube wp-block-embed-youtube wp-embed-aspect-16-9 wp-has-aspect-ratio\"><div class=\"wp-block-embed__wrapper\">\n<iframe title=\"Festakademie Freising Vortrag Bischof Gerhard Ludwig M\u00fcller - Teil 1\" width=\"640\" height=\"360\" src=\"https:\/\/www.youtube.com\/embed\/Ollo7aSbfAk?feature=oembed\" frameborder=\"0\" allow=\"accelerometer; autoplay; clipboard-write; encrypted-media; gyroscope; picture-in-picture; web-share\" referrerpolicy=\"strict-origin-when-cross-origin\" allowfullscreen><\/iframe>\n<\/div><figcaption class=\"wp-element-caption\">Festakademie Freising Vortrag Bischof Gerhard Ludwig M\u00fcller (28.06.2011).<\/figcaption><\/figure>\n\n\n\n<hr class=\"wp-block-separator has-css-opacity is-style-wide\"\/>\n","protected":false},"excerpt":{"rendered":"","protected":false},"author":1,"featured_media":0,"parent":261,"menu_order":3,"comment_status":"closed","ping_status":"closed","template":"","meta":{"footnotes":""},"class_list":["post-919","page","type-page","status-publish","hentry"],"wps_subtitle":"","_links":{"self":[{"href":"https:\/\/cardinal-mueller.com\/index.php\/wp-json\/wp\/v2\/pages\/919","targetHints":{"allow":["GET"]}}],"collection":[{"href":"https:\/\/cardinal-mueller.com\/index.php\/wp-json\/wp\/v2\/pages"}],"about":[{"href":"https:\/\/cardinal-mueller.com\/index.php\/wp-json\/wp\/v2\/types\/page"}],"author":[{"embeddable":true,"href":"https:\/\/cardinal-mueller.com\/index.php\/wp-json\/wp\/v2\/users\/1"}],"replies":[{"embeddable":true,"href":"https:\/\/cardinal-mueller.com\/index.php\/wp-json\/wp\/v2\/comments?post=919"}],"version-history":[{"count":33,"href":"https:\/\/cardinal-mueller.com\/index.php\/wp-json\/wp\/v2\/pages\/919\/revisions"}],"predecessor-version":[{"id":1318,"href":"https:\/\/cardinal-mueller.com\/index.php\/wp-json\/wp\/v2\/pages\/919\/revisions\/1318"}],"up":[{"embeddable":true,"href":"https:\/\/cardinal-mueller.com\/index.php\/wp-json\/wp\/v2\/pages\/261"}],"wp:attachment":[{"href":"https:\/\/cardinal-mueller.com\/index.php\/wp-json\/wp\/v2\/media?parent=919"}],"curies":[{"name":"wp","href":"https:\/\/api.w.org\/{rel}","templated":true}]}}