{"id":283,"date":"2021-09-21T20:28:07","date_gmt":"2021-09-21T18:28:07","guid":{"rendered":"https:\/\/cardinal-mueller.com\/?page_id=283"},"modified":"2021-09-25T15:46:54","modified_gmt":"2021-09-25T13:46:54","slug":"spanish","status":"publish","type":"page","link":"https:\/\/cardinal-mueller.com\/index.php\/publications\/books\/spanish\/","title":{"rendered":"Spanish"},"content":{"rendered":"\n<figure class=\"wp-block-image size-medium\"><img fetchpriority=\"high\" decoding=\"async\" width=\"200\" height=\"300\" src=\"https:\/\/cardinal-mueller.com\/wp-content\/uploads\/2021\/09\/519qMhzWtvL._SX331_BO1204203200_-200x300.jpeg\" alt=\"\" class=\"wp-image-589\" srcset=\"https:\/\/cardinal-mueller.com\/wp-content\/uploads\/2021\/09\/519qMhzWtvL._SX331_BO1204203200_-200x300.jpeg 200w, https:\/\/cardinal-mueller.com\/wp-content\/uploads\/2021\/09\/519qMhzWtvL._SX331_BO1204203200_.jpeg 333w\" sizes=\"(max-width: 200px) 100vw, 200px\" \/><\/figure>\n\n\n<h6 id=\"title\" class=\"a-spacing-none a-text-normal\"><span id=\"productTitle\" class=\"a-size-extra-large\"><em>El Papa, misi\u00f3n y cometido<\/em>, 2018.<\/span><\/h6>\n\n\n<hr class=\"wp-block-separator is-style-wide\"\/>\n\n\n\n<figure class=\"wp-block-image size-medium\"><img decoding=\"async\" width=\"178\" height=\"300\" src=\"https:\/\/cardinal-mueller.com\/wp-content\/uploads\/2021\/09\/D_NQ_NP_868268-MLM31365140156_072019-O-178x300.jpg\" alt=\"\" class=\"wp-image-594\" srcset=\"https:\/\/cardinal-mueller.com\/wp-content\/uploads\/2021\/09\/D_NQ_NP_868268-MLM31365140156_072019-O-178x300.jpg 178w, https:\/\/cardinal-mueller.com\/wp-content\/uploads\/2021\/09\/D_NQ_NP_868268-MLM31365140156_072019-O.jpg 264w\" sizes=\"(max-width: 178px) 100vw, 178px\" \/><\/figure>\n\n\n<h6 id=\"title\" class=\"a-spacing-none a-text-normal\"><span id=\"productTitle\" class=\"a-size-extra-large\"><em>Salvar la semilla. La fecundidad pastoral de la esperanza<\/em>, 2016.<\/span><\/h6>\n\n\n<hr class=\"wp-block-separator is-style-wide\"\/>\n\n\n\n<figure class=\"wp-block-image size-medium\"><img decoding=\"async\" width=\"181\" height=\"300\" src=\"https:\/\/cardinal-mueller.com\/wp-content\/uploads\/2021\/09\/informe-sobre-la-esperanza-dialogo-con-el-cardenal-gerhard-ludwig-mueller-181x300.jpg\" alt=\"\" class=\"wp-image-598\" srcset=\"https:\/\/cardinal-mueller.com\/wp-content\/uploads\/2021\/09\/informe-sobre-la-esperanza-dialogo-con-el-cardenal-gerhard-ludwig-mueller-181x300.jpg 181w, https:\/\/cardinal-mueller.com\/wp-content\/uploads\/2021\/09\/informe-sobre-la-esperanza-dialogo-con-el-cardenal-gerhard-ludwig-mueller.jpg 474w\" sizes=\"(max-width: 181px) 100vw, 181px\" \/><\/figure>\n\n\n<h6 id=\"title\" class=\"a-spacing-none a-text-normal\"><span id=\"productTitle\" class=\"a-size-extra-large\"><em>Informe sobre la esperanza. Di\u00e1logo con el cardenal Gerhard Ludwig M\u00fcller<\/em>, 2016.<\/span><\/h6>\n\n\n<hr class=\"wp-block-separator is-style-wide\"\/>\n\n\n\n<figure class=\"wp-block-image size-medium\"><img loading=\"lazy\" decoding=\"async\" width=\"203\" height=\"300\" src=\"https:\/\/cardinal-mueller.com\/wp-content\/uploads\/2021\/09\/71ikaRcyGnL-203x300.jpeg\" alt=\"\" class=\"wp-image-557\" srcset=\"https:\/\/cardinal-mueller.com\/wp-content\/uploads\/2021\/09\/71ikaRcyGnL-203x300.jpeg 203w, https:\/\/cardinal-mueller.com\/wp-content\/uploads\/2021\/09\/71ikaRcyGnL-694x1024.jpeg 694w, https:\/\/cardinal-mueller.com\/wp-content\/uploads\/2021\/09\/71ikaRcyGnL-768x1134.jpeg 768w, https:\/\/cardinal-mueller.com\/wp-content\/uploads\/2021\/09\/71ikaRcyGnL.jpeg 983w\" sizes=\"(max-width: 203px) 100vw, 203px\" \/><\/figure>\n\n\n<h6 id=\"title\" class=\"a-spacing-none a-text-normal\"><span id=\"productTitle\" class=\"a-size-extra-large\"><em>Iglesia pobre y para los pobres<\/em>, 2014.<\/span><\/h6>\n\n\n<hr class=\"wp-block-separator is-style-wide\"\/>\n\n\n\n<figure class=\"wp-block-image size-medium\"><img loading=\"lazy\" decoding=\"async\" width=\"232\" height=\"300\" src=\"https:\/\/cardinal-mueller.com\/wp-content\/uploads\/2021\/09\/la-esperanza-de-la-familia-dialogo-con-el-cardenal-gerhard-232x300.jpeg\" alt=\"\" class=\"wp-image-467\" srcset=\"https:\/\/cardinal-mueller.com\/wp-content\/uploads\/2021\/09\/la-esperanza-de-la-familia-dialogo-con-el-cardenal-gerhard-232x300.jpeg 232w, https:\/\/cardinal-mueller.com\/wp-content\/uploads\/2021\/09\/la-esperanza-de-la-familia-dialogo-con-el-cardenal-gerhard.jpeg 381w\" sizes=\"(max-width: 232px) 100vw, 232px\" \/><\/figure>\n\n\n<h6><i>La esperanza de la familia. Di\u00e1logo con el cardenal Gerhard-Ludwig M\u00fcller<\/i>, 2014.<\/h6>\n\n\n<hr class=\"wp-block-separator is-style-wide\"\/>\n\n\n\n<figure class=\"wp-block-image size-medium\"><img loading=\"lazy\" decoding=\"async\" width=\"203\" height=\"300\" src=\"https:\/\/cardinal-mueller.com\/wp-content\/uploads\/2021\/09\/un-culto-conforme-al-logos-divino-la-liturgia-en-el-pensamiento-teologico-de-joseph-ratzinger-benedicto-xvi-203x300.jpg\" alt=\"\" class=\"wp-image-470\" srcset=\"https:\/\/cardinal-mueller.com\/wp-content\/uploads\/2021\/09\/un-culto-conforme-al-logos-divino-la-liturgia-en-el-pensamiento-teologico-de-joseph-ratzinger-benedicto-xvi-203x300.jpg 203w, https:\/\/cardinal-mueller.com\/wp-content\/uploads\/2021\/09\/un-culto-conforme-al-logos-divino-la-liturgia-en-el-pensamiento-teologico-de-joseph-ratzinger-benedicto-xvi.jpg 424w\" sizes=\"(max-width: 203px) 100vw, 203px\" \/><\/figure>\n\n\n<h6>\u039b\u03bf\u03b3\u03b9\u03ba\u1f74 \u03bb\u03b1\u03c4\u03c1\u03b5\u03af\u03b1. <i>Un culto conforme al Logos divino. La liturgia en el pensamiento teol\u00f3gico de Joseph Ratzinger-Benedicto XVI<\/i>, 2013.<\/h6>\n\n\n<hr class=\"wp-block-separator is-style-wide\"\/>\n\n\n\n<figure class=\"wp-block-image size-medium\"><img loading=\"lazy\" decoding=\"async\" width=\"200\" height=\"300\" src=\"https:\/\/cardinal-mueller.com\/wp-content\/uploads\/2021\/09\/71RDBfNZKL-200x300.jpeg\" alt=\"\" class=\"wp-image-472\" srcset=\"https:\/\/cardinal-mueller.com\/wp-content\/uploads\/2021\/09\/71RDBfNZKL-200x300.jpeg 200w, https:\/\/cardinal-mueller.com\/wp-content\/uploads\/2021\/09\/71RDBfNZKL-682x1024.jpeg 682w, https:\/\/cardinal-mueller.com\/wp-content\/uploads\/2021\/09\/71RDBfNZKL-768x1154.jpeg 768w, https:\/\/cardinal-mueller.com\/wp-content\/uploads\/2021\/09\/71RDBfNZKL.jpeg 958w\" sizes=\"(max-width: 200px) 100vw, 200px\" \/><\/figure>\n\n\n<h6><i>Del lado de los pobres. Teolog\u00eda de la liberaci\u00f3n<\/i>, 2013.<\/h6>\n\n\n<hr class=\"wp-block-separator is-style-wide\"\/>\n\n\n\n<figure class=\"wp-block-image size-medium\"><img loading=\"lazy\" decoding=\"async\" width=\"191\" height=\"300\" src=\"https:\/\/cardinal-mueller.com\/wp-content\/uploads\/2021\/09\/41M18azPAFL._SX316_BO1204203200_-191x300.jpeg\" alt=\"\" class=\"wp-image-474\" srcset=\"https:\/\/cardinal-mueller.com\/wp-content\/uploads\/2021\/09\/41M18azPAFL._SX316_BO1204203200_-191x300.jpeg 191w, https:\/\/cardinal-mueller.com\/wp-content\/uploads\/2021\/09\/41M18azPAFL._SX316_BO1204203200_.jpeg 318w\" sizes=\"(max-width: 191px) 100vw, 191px\" \/><\/figure>\n\n\n<h6><i>Dogm\u00e1tica. Teor\u00eda y pr\u00e1ctica de la teolog\u00eda<\/i>, 2009.<\/h6>\n\n\n<hr class=\"wp-block-separator is-style-wide\"\/>\n\n\n\n<figure class=\"wp-block-image size-medium\"><img loading=\"lazy\" decoding=\"async\" width=\"186\" height=\"300\" src=\"https:\/\/cardinal-mueller.com\/wp-content\/uploads\/2021\/09\/9788470574993-us-186x300.jpeg\" alt=\"\" class=\"wp-image-475\" srcset=\"https:\/\/cardinal-mueller.com\/wp-content\/uploads\/2021\/09\/9788470574993-us-186x300.jpeg 186w, https:\/\/cardinal-mueller.com\/wp-content\/uploads\/2021\/09\/9788470574993-us.jpeg 310w\" sizes=\"(max-width: 186px) 100vw, 186px\" \/><\/figure>\n\n\n<h6><i>La misa. Fuente de vida<\/i> cristiana, 2004.<\/h6>\n\n\n<hr class=\"wp-block-separator is-style-wide\"\/>\n\n\n\n<figure class=\"wp-block-image size-medium\"><img loading=\"lazy\" decoding=\"async\" width=\"190\" height=\"300\" src=\"https:\/\/cardinal-mueller.com\/wp-content\/uploads\/2021\/09\/9788482395036-190x300.jpeg\" alt=\"\" class=\"wp-image-481\" srcset=\"https:\/\/cardinal-mueller.com\/wp-content\/uploads\/2021\/09\/9788482395036-190x300.jpeg 190w, https:\/\/cardinal-mueller.com\/wp-content\/uploads\/2021\/09\/9788482395036.jpeg 229w\" sizes=\"(max-width: 190px) 100vw, 190px\" \/><\/figure>\n\n\n<h6><i>\u00bfQu\u00e9 significa Mar\u00eda para nosotros, los<\/i> cristianos?, 2001.<\/h6>\n\n\n<hr class=\"wp-block-separator is-style-wide\"\/>\n\n\n\n<figure class=\"wp-block-image size-medium\"><img loading=\"lazy\" decoding=\"async\" width=\"179\" height=\"300\" src=\"https:\/\/cardinal-mueller.com\/wp-content\/uploads\/2021\/09\/51rbQDfqLdL._AC_SY1000_-179x300.jpg\" alt=\"\" class=\"wp-image-485\" srcset=\"https:\/\/cardinal-mueller.com\/wp-content\/uploads\/2021\/09\/51rbQDfqLdL._AC_SY1000_-179x300.jpg 179w, https:\/\/cardinal-mueller.com\/wp-content\/uploads\/2021\/09\/51rbQDfqLdL._AC_SY1000_.jpg 283w\" sizes=\"(max-width: 179px) 100vw, 179px\" \/><\/figure>\n\n\n<h6><i>La celebraci\u00f3n eucar\u00edstica. Un camino con<\/i> Cristo, 1991.<\/h6>\n\n\n<hr class=\"wp-block-separator is-style-wide\"\/>\n","protected":false},"excerpt":{"rendered":"<p>El Papa, misi\u00f3n y cometido, 2018. Salvar la semilla. La fecundidad pastoral de la esperanza, 2016. Informe sobre la esperanza. Di\u00e1logo con el cardenal Gerhard Ludwig M\u00fcller, 2016. Iglesia pobre y para los pobres, 2014. La esperanza de la familia. Di\u00e1logo con el cardenal Gerhard-Ludwig M\u00fcller, 2014. \u039b\u03bf\u03b3\u03b9\u03ba\u1f74 \u03bb\u03b1\u03c4\u03c1\u03b5\u03af\u03b1. Un culto conforme al Logos divino. [&hellip;]<\/p>\n","protected":false},"author":1,"featured_media":0,"parent":263,"menu_order":5,"comment_status":"closed","ping_status":"closed","template":"","meta":{"footnotes":""},"class_list":["post-283","page","type-page","status-publish","hentry"],"wps_subtitle":"","_links":{"self":[{"href":"https:\/\/cardinal-mueller.com\/index.php\/wp-json\/wp\/v2\/pages\/283","targetHints":{"allow":["GET"]}}],"collection":[{"href":"https:\/\/cardinal-mueller.com\/index.php\/wp-json\/wp\/v2\/pages"}],"about":[{"href":"https:\/\/cardinal-mueller.com\/index.php\/wp-json\/wp\/v2\/types\/page"}],"author":[{"embeddable":true,"href":"https:\/\/cardinal-mueller.com\/index.php\/wp-json\/wp\/v2\/users\/1"}],"replies":[{"embeddable":true,"href":"https:\/\/cardinal-mueller.com\/index.php\/wp-json\/wp\/v2\/comments?post=283"}],"version-history":[{"count":16,"href":"https:\/\/cardinal-mueller.com\/index.php\/wp-json\/wp\/v2\/pages\/283\/revisions"}],"predecessor-version":[{"id":818,"href":"https:\/\/cardinal-mueller.com\/index.php\/wp-json\/wp\/v2\/pages\/283\/revisions\/818"}],"up":[{"embeddable":true,"href":"https:\/\/cardinal-mueller.com\/index.php\/wp-json\/wp\/v2\/pages\/263"}],"wp:attachment":[{"href":"https:\/\/cardinal-mueller.com\/index.php\/wp-json\/wp\/v2\/media?parent=283"}],"curies":[{"name":"wp","href":"https:\/\/api.w.org\/{rel}","templated":true}]}}