{"id":277,"date":"2021-09-21T20:26:21","date_gmt":"2021-09-21T18:26:21","guid":{"rendered":"https:\/\/cardinal-mueller.com\/?page_id=277"},"modified":"2025-06-17T12:37:31","modified_gmt":"2025-06-17T10:37:31","slug":"polish","status":"publish","type":"page","link":"https:\/\/cardinal-mueller.com\/index.php\/publications\/books\/polish\/","title":{"rendered":"Polish"},"content":{"rendered":"\n<figure class=\"wp-block-image size-full\"><img fetchpriority=\"high\" decoding=\"async\" class=\"wp-image-1344\" src=\"https:\/\/cardinal-mueller.com\/wp-content\/uploads\/2025\/06\/1011.jpg\" alt=\"\" width=\"236\" height=\"340\" srcset=\"https:\/\/cardinal-mueller.com\/wp-content\/uploads\/2025\/06\/1011.jpg 700w, https:\/\/cardinal-mueller.com\/wp-content\/uploads\/2025\/06\/1011-209x300.jpg 209w\" sizes=\"(max-width: 236px) 100vw, 236px\" \/><\/figure>\n\n\n<p><span style=\"font-size: 12pt;\"><em>Msza \u015bwi\u0119ta. \u0179r\u00f3d\u0142o chrze\u015bcija\u0144skiego \u017cycia<\/em>, Tarn\u00f3w 2025.<\/span><\/p>\n\n\n<hr class=\"wp-block-separator has-alpha-channel-opacity is-style-wide\"\/>\n\n\n\n<figure class=\"wp-block-image size-full\"><img decoding=\"async\" class=\"wp-image-1336\" src=\"https:\/\/cardinal-mueller.com\/wp-content\/uploads\/2024\/04\/1283.webp\" alt=\"\" width=\"231\" height=\"327\" srcset=\"https:\/\/cardinal-mueller.com\/wp-content\/uploads\/2024\/04\/1283.webp 313w, https:\/\/cardinal-mueller.com\/wp-content\/uploads\/2024\/04\/1283-212x300.webp 212w\" sizes=\"(max-width: 231px) 100vw, 231px\" \/><\/figure>\n\n\n<h6><em style=\"font-size: revert; font-weight: revert;\">Na drodze ku Chrystusowi<\/em><span style=\"font-size: revert; font-weight: revert;\">.\u00a0<br \/><\/span>Kardyna\u0142 Gerhard M\u00fcller w rozmowie z ksi\u0119dzem Leszkiem Slipkiem, Krak\u00f3w 2024.<\/h6>\n\n\n<hr class=\"wp-block-separator has-alpha-channel-opacity is-style-wide\"\/>\n\n\n\n<figure class=\"wp-block-image size-full is-resized\"><img decoding=\"async\" width=\"382\" height=\"544\" src=\"https:\/\/cardinal-mueller.com\/wp-content\/uploads\/2024\/04\/katolicki-czyli-jaki-prawdziwa-i-falszywa-reforma-b-iext149866342.jpg.webp\" alt=\"\" class=\"wp-image-1339\" style=\"width:229px;height:auto\" srcset=\"https:\/\/cardinal-mueller.com\/wp-content\/uploads\/2024\/04\/katolicki-czyli-jaki-prawdziwa-i-falszywa-reforma-b-iext149866342.jpg.webp 382w, https:\/\/cardinal-mueller.com\/wp-content\/uploads\/2024\/04\/katolicki-czyli-jaki-prawdziwa-i-falszywa-reforma-b-iext149866342.jpg-211x300.webp 211w\" sizes=\"(max-width: 382px) 100vw, 382px\" \/><\/figure>\n\n\n<div>\n<h6 class=\"css-9rngxa-title\" data-ta=\"title\"><em>Katolicki, czyli jaki? Prawdziwa i fa\u0142szywa reforma<\/em>, Tarn\u00f3w 2024.<\/h6>\n<\/div>\n\n\n<hr class=\"wp-block-separator has-alpha-channel-opacity is-style-wide\"\/>\n\n\n\n<figure class=\"wp-block-image is-resized\"><img loading=\"lazy\" decoding=\"async\" width=\"683\" height=\"1024\" src=\"https:\/\/cardinal-mueller.com\/wp-content\/uploads\/2023\/09\/1012-683x1024.jpg\" alt=\"\" class=\"wp-image-1328\" style=\"width:229px;height:344px\" srcset=\"https:\/\/cardinal-mueller.com\/wp-content\/uploads\/2023\/09\/1012-683x1024.jpg 683w, https:\/\/cardinal-mueller.com\/wp-content\/uploads\/2023\/09\/1012-200x300.jpg 200w, https:\/\/cardinal-mueller.com\/wp-content\/uploads\/2023\/09\/1012-768x1151.jpg 768w, https:\/\/cardinal-mueller.com\/wp-content\/uploads\/2023\/09\/1012.jpg 1000w\" sizes=\"(max-width: 683px) 100vw, 683px\" \/><\/figure>\n\n\n<h6><em>W dobrej wierze. Co b\u0119dzie z Ko\u015bcio\u0142em w XXI wieku?<\/em>, Krak\u00f3w 2023.<\/h6>\n\n\n<hr class=\"wp-block-separator has-alpha-channel-opacity is-style-wide\"\/>\n\n\n\n<figure class=\"wp-block-image size-large is-resized is-style-default\"><img loading=\"lazy\" decoding=\"async\" width=\"313\" height=\"442\" src=\"https:\/\/cardinal-mueller.com\/wp-content\/uploads\/2023\/05\/990.jpg\" alt=\"\" class=\"wp-image-1322\" style=\"width:226px;height:320px\" srcset=\"https:\/\/cardinal-mueller.com\/wp-content\/uploads\/2023\/05\/990.jpg 313w, https:\/\/cardinal-mueller.com\/wp-content\/uploads\/2023\/05\/990-212x300.jpg 212w\" sizes=\"(max-width: 313px) 100vw, 313px\" \/><\/figure>\n\n\n\n<h6 class=\"wp-block-heading\"><em>Cud nie\u015bmiertelno\u015bci. Co b\u0119dzie po \u017cyciu ziemskim?, Krak\u00f3w 2023.<\/em><\/h6>\n\n\n\n<hr class=\"wp-block-separator has-alpha-channel-opacity is-style-wide\"\/>\n\n\n\n<figure class=\"wp-block-image size-medium\"><img loading=\"lazy\" decoding=\"async\" width=\"212\" height=\"300\" src=\"https:\/\/cardinal-mueller.com\/wp-content\/uploads\/2022\/02\/837-212x300.jpeg\" alt=\"\" class=\"wp-image-1015\" srcset=\"https:\/\/cardinal-mueller.com\/wp-content\/uploads\/2022\/02\/837-212x300.jpeg 212w, https:\/\/cardinal-mueller.com\/wp-content\/uploads\/2022\/02\/837-724x1024.jpeg 724w, https:\/\/cardinal-mueller.com\/wp-content\/uploads\/2022\/02\/837-768x1087.jpeg 768w, https:\/\/cardinal-mueller.com\/wp-content\/uploads\/2022\/02\/837.jpeg 1000w\" sizes=\"(max-width: 212px) 100vw, 212px\" \/><\/figure>\n\n\n<h6><em>Jedno\u015b\u0107 wiary. Odpowiedzialno\u015b\u0107 Rzymu za Ko\u015bci\u00f3\u0142 powszechny<\/em>, Krak\u00f3w 2022.<\/h6>\n\n\n<hr class=\"wp-block-separator has-css-opacity is-style-wide\"\/>\n\n\n\n<figure class=\"wp-block-image size-medium\"><img loading=\"lazy\" decoding=\"async\" width=\"212\" height=\"300\" src=\"https:\/\/cardinal-mueller.com\/wp-content\/uploads\/2021\/09\/Prawda-Raport-o-stanie-Kosciola-kard-Gerhard-Ludwig-Muller-Martin-Lohmann_w500px-212x300.jpeg\" alt=\"\" class=\"wp-image-360\" srcset=\"https:\/\/cardinal-mueller.com\/wp-content\/uploads\/2021\/09\/Prawda-Raport-o-stanie-Kosciola-kard-Gerhard-Ludwig-Muller-Martin-Lohmann_w500px-212x300.jpeg 212w, https:\/\/cardinal-mueller.com\/wp-content\/uploads\/2021\/09\/Prawda-Raport-o-stanie-Kosciola-kard-Gerhard-Ludwig-Muller-Martin-Lohmann_w500px.jpeg 500w\" sizes=\"(max-width: 212px) 100vw, 212px\" \/><\/figure>\n\n\n<h6 style=\"text-align: left;\"><i>Prawda. Raport<\/i> <i>o stanie Ko\u015bcio\u0142a<\/i>.&nbsp;<br \/><i>Kard. Gerhard L. M\u00fcller w rozmowie&nbsp;<\/i><i>z Martinem Lohmannem<\/i>, Krak\u00f3w 2021.<\/h6>\n\n\n<hr class=\"wp-block-separator has-css-opacity is-style-wide\"\/>\n\n\n\n<figure class=\"wp-block-image size-medium\"><img loading=\"lazy\" decoding=\"async\" width=\"200\" height=\"300\" src=\"https:\/\/cardinal-mueller.com\/wp-content\/uploads\/2021\/09\/86928-200x300.jpeg\" alt=\"\" class=\"wp-image-381\" srcset=\"https:\/\/cardinal-mueller.com\/wp-content\/uploads\/2021\/09\/86928-200x300.jpeg 200w, https:\/\/cardinal-mueller.com\/wp-content\/uploads\/2021\/09\/86928.jpeg 300w\" sizes=\"(max-width: 200px) 100vw, 200px\" \/><\/figure>\n\n\n<h6><i>Wiara w Boga we wsp\u00f3\u0142czesnym \u015bwiecie<\/i>, Lublin 2020.<\/h6>\n\n\n<hr class=\"wp-block-separator has-css-opacity is-style-wide\"\/>\n\n\n\n<figure class=\"wp-block-image size-medium\"><img loading=\"lazy\" decoding=\"async\" width=\"198\" height=\"300\" src=\"https:\/\/cardinal-mueller.com\/wp-content\/uploads\/2021\/09\/75235_0-198x300.jpeg\" alt=\"\" class=\"wp-image-384\" srcset=\"https:\/\/cardinal-mueller.com\/wp-content\/uploads\/2021\/09\/75235_0-198x300.jpeg 198w, https:\/\/cardinal-mueller.com\/wp-content\/uploads\/2021\/09\/75235_0.jpeg 675w\" sizes=\"(max-width: 198px) 100vw, 198px\" \/><\/figure>\n\n\n<h6><i>Listy o kap\u0142a\u0144stwie<\/i>, Krak\u00f3w 2019.<\/h6>\n\n\n<hr class=\"wp-block-separator has-css-opacity is-style-wide\"\/>\n\n\n\n<figure class=\"wp-block-image size-medium\"><img loading=\"lazy\" decoding=\"async\" width=\"205\" height=\"300\" src=\"https:\/\/cardinal-mueller.com\/wp-content\/uploads\/2021\/09\/jpg-205x300.jpeg\" alt=\"\" class=\"wp-image-388\" srcset=\"https:\/\/cardinal-mueller.com\/wp-content\/uploads\/2021\/09\/jpg-205x300.jpeg 205w, https:\/\/cardinal-mueller.com\/wp-content\/uploads\/2021\/09\/jpg.jpeg 525w\" sizes=\"(max-width: 205px) 100vw, 205px\" \/><\/figure>\n\n\n<h6><i>Drogowskazy na dzisiaj<\/i>, Krak\u00f3w 2018.<\/h6>\n\n\n<hr class=\"wp-block-separator has-css-opacity is-style-wide\"\/>\n\n\n\n<figure class=\"wp-block-image size-medium\"><img loading=\"lazy\" decoding=\"async\" width=\"204\" height=\"300\" src=\"https:\/\/cardinal-mueller.com\/wp-content\/uploads\/2021\/09\/80719-204x300.jpeg\" alt=\"\" class=\"wp-image-390\" srcset=\"https:\/\/cardinal-mueller.com\/wp-content\/uploads\/2021\/09\/80719-204x300.jpeg 204w, https:\/\/cardinal-mueller.com\/wp-content\/uploads\/2021\/09\/80719.jpeg 510w\" sizes=\"(max-width: 204px) 100vw, 204px\" \/><\/figure>\n\n\n<h6><i>Chrystus jest zawsze nowoczesny. <br \/><\/i><i>O Ko\u015bciele, Zbawieniu, historii i wsp\u00f3\u0142czesno\u015bci<\/i> z Kardyna\u0142em Gerhardem L. M\u00fcllerem rozmawia Pawe\u0142 Lisicki, \u0141om\u017ca 2018.<\/h6>\n\n\n<hr class=\"wp-block-separator has-css-opacity is-style-wide\"\/>\n\n\n\n<figure class=\"wp-block-image size-medium\"><img loading=\"lazy\" decoding=\"async\" width=\"200\" height=\"300\" src=\"https:\/\/cardinal-mueller.com\/wp-content\/uploads\/2021\/09\/84402-200x300.png\" alt=\"\" class=\"wp-image-393\" srcset=\"https:\/\/cardinal-mueller.com\/wp-content\/uploads\/2021\/09\/84402-200x300.png 200w, https:\/\/cardinal-mueller.com\/wp-content\/uploads\/2021\/09\/84402.png 600w\" sizes=\"(max-width: 200px) 100vw, 200px\" \/><\/figure>\n\n\n<h6><i>Raport o stanie nadziei<\/i> rozmowa z Carlosem Granadosem, Warszawa 2017.<\/h6>\n\n\n<hr class=\"wp-block-separator has-css-opacity is-style-wide\"\/>\n\n\n\n<figure class=\"wp-block-image size-medium\"><img loading=\"lazy\" decoding=\"async\" width=\"204\" height=\"300\" src=\"https:\/\/cardinal-mueller.com\/wp-content\/uploads\/2021\/09\/78379-204x300.jpeg\" alt=\"\" class=\"wp-image-396\" srcset=\"https:\/\/cardinal-mueller.com\/wp-content\/uploads\/2021\/09\/78379-204x300.jpeg 204w, https:\/\/cardinal-mueller.com\/wp-content\/uploads\/2021\/09\/78379.jpeg 381w\" sizes=\"(max-width: 204px) 100vw, 204px\" \/><\/figure>\n\n\n<h6><i>Papie\u017c. Pos\u0142annictwo i misja<\/i>, Krak\u00f3w 2017.<\/h6>\n\n\n<hr class=\"wp-block-separator has-css-opacity is-style-wide\"\/>\n\n\n\n<figure class=\"wp-block-image size-medium\"><img loading=\"lazy\" decoding=\"async\" width=\"206\" height=\"300\" src=\"https:\/\/cardinal-mueller.com\/wp-content\/uploads\/2021\/09\/9788377405437-206x300.jpeg\" alt=\"\" class=\"wp-image-398\" srcset=\"https:\/\/cardinal-mueller.com\/wp-content\/uploads\/2021\/09\/9788377405437-206x300.jpeg 206w, https:\/\/cardinal-mueller.com\/wp-content\/uploads\/2021\/09\/9788377405437-703x1024.jpeg 703w, https:\/\/cardinal-mueller.com\/wp-content\/uploads\/2021\/09\/9788377405437-768x1118.jpeg 768w, https:\/\/cardinal-mueller.com\/wp-content\/uploads\/2021\/09\/9788377405437.jpeg 945w\" sizes=\"(max-width: 206px) 100vw, 206px\" \/><\/figure>\n\n\n<h6><i>Benedykt XVI i Papie\u017c Franciszek. <br \/>Ich pos\u0142uga w sukcesji Piotrowej. Dziesi\u0119\u0107 lat Papie\u017ca Benedykta XVI<\/i>, Warszawa 2015.<\/h6>\n\n\n<hr class=\"wp-block-separator has-css-opacity is-style-wide\"\/>\n\n\n\n<figure class=\"wp-block-image size-medium\"><img loading=\"lazy\" decoding=\"async\" width=\"197\" height=\"300\" src=\"https:\/\/cardinal-mueller.com\/wp-content\/uploads\/2021\/09\/74134-197x300.jpeg\" alt=\"\" class=\"wp-image-400\" srcset=\"https:\/\/cardinal-mueller.com\/wp-content\/uploads\/2021\/09\/74134-197x300.jpeg 197w, https:\/\/cardinal-mueller.com\/wp-content\/uploads\/2021\/09\/74134.jpeg 600w\" sizes=\"(max-width: 197px) 100vw, 197px\" \/><\/figure>\n\n\n<h6><i>Dogmatyka katolicka<\/i>, Krak\u00f3w 2015.<\/h6>\n\n\n<hr class=\"wp-block-separator has-css-opacity is-style-wide\"\/>\n\n\n\n<figure class=\"wp-block-image size-medium\"><img loading=\"lazy\" decoding=\"async\" width=\"198\" height=\"300\" src=\"https:\/\/cardinal-mueller.com\/wp-content\/uploads\/2021\/09\/0_0_productGfx_99fe10f6d9015c51ff130799c40fc107-198x300.jpeg\" alt=\"\" class=\"wp-image-403\" srcset=\"https:\/\/cardinal-mueller.com\/wp-content\/uploads\/2021\/09\/0_0_productGfx_99fe10f6d9015c51ff130799c40fc107-198x300.jpeg 198w, https:\/\/cardinal-mueller.com\/wp-content\/uploads\/2021\/09\/0_0_productGfx_99fe10f6d9015c51ff130799c40fc107.jpeg 390w\" sizes=\"(max-width: 198px) 100vw, 198px\" \/><\/figure>\n\n\n<h6><i>Nadzieja rodziny<\/i> rozmowa z Carlosem Granadosem, Krak\u00f3w 2014.<\/h6>\n\n\n<hr class=\"wp-block-separator has-css-opacity is-style-wide\"\/>\n\n\n\n<figure class=\"wp-block-image size-medium\"><img loading=\"lazy\" decoding=\"async\" width=\"209\" height=\"300\" src=\"https:\/\/cardinal-mueller.com\/wp-content\/uploads\/2021\/09\/ubostwo-i-godnosc-czlowieka-b-iext46588692-209x300.jpeg\" alt=\"\" class=\"wp-image-405\" srcset=\"https:\/\/cardinal-mueller.com\/wp-content\/uploads\/2021\/09\/ubostwo-i-godnosc-czlowieka-b-iext46588692-209x300.jpeg 209w, https:\/\/cardinal-mueller.com\/wp-content\/uploads\/2021\/09\/ubostwo-i-godnosc-czlowieka-b-iext46588692-713x1024.jpeg 713w, https:\/\/cardinal-mueller.com\/wp-content\/uploads\/2021\/09\/ubostwo-i-godnosc-czlowieka-b-iext46588692-768x1104.jpeg 768w, https:\/\/cardinal-mueller.com\/wp-content\/uploads\/2021\/09\/ubostwo-i-godnosc-czlowieka-b-iext46588692.jpeg 835w\" sizes=\"(max-width: 209px) 100vw, 209px\" \/><\/figure>\n\n\n<h6><i>Ub\u00f3stwo<\/i>, Sandomierz 2014.<\/h6>\n\n\n<hr class=\"wp-block-separator has-css-opacity is-style-wide\"\/>\n\n\n\n<figure class=\"wp-block-image size-medium\"><img loading=\"lazy\" decoding=\"async\" width=\"185\" height=\"300\" src=\"https:\/\/cardinal-mueller.com\/wp-content\/uploads\/2021\/09\/i-msza-swieta-zrodlo-chrzescijanskiego-zycia.jpg-185x300.webp\" alt=\"\" class=\"wp-image-410\" srcset=\"https:\/\/cardinal-mueller.com\/wp-content\/uploads\/2021\/09\/i-msza-swieta-zrodlo-chrzescijanskiego-zycia.jpg-185x300.webp 185w, https:\/\/cardinal-mueller.com\/wp-content\/uploads\/2021\/09\/i-msza-swieta-zrodlo-chrzescijanskiego-zycia.jpg.webp 210w\" sizes=\"(max-width: 185px) 100vw, 185px\" \/><\/figure>\n\n\n<h6><i>Msza \u015bwi\u0119ta. \u0179r\u00f3d\u0142o chrze\u015bcija\u0144skiego \u017cycia<\/i>, Lublin 2007.<\/h6>\n\n\n<hr class=\"wp-block-separator has-css-opacity is-style-wide\"\/>\n\n\n\n<figure class=\"wp-block-image size-full\"><img loading=\"lazy\" decoding=\"async\" width=\"184\" height=\"274\" src=\"https:\/\/cardinal-mueller.com\/wp-content\/uploads\/2021\/09\/92f6b4584e138b40141f94fc0ed6.webp\" alt=\"\" class=\"wp-image-412\"\/><\/figure>\n\n\n<h6><i>Chrystologia. Nauka o Jezusie Chrystusie<\/i>, Krak\u00f3w 1998.<\/h6>\n\n\n<hr class=\"wp-block-separator has-css-opacity is-style-wide\"\/>\n","protected":false},"excerpt":{"rendered":"<p>Msza \u015bwi\u0119ta. \u0179r\u00f3d\u0142o chrze\u015bcija\u0144skiego \u017cycia, Tarn\u00f3w 2025. Na drodze ku Chrystusowi.\u00a0Kardyna\u0142 Gerhard M\u00fcller w rozmowie z ksi\u0119dzem Leszkiem Slipkiem, Krak\u00f3w 2024. Katolicki, czyli jaki? Prawdziwa i fa\u0142szywa reforma, Tarn\u00f3w 2024. W dobrej wierze. Co b\u0119dzie z Ko\u015bcio\u0142em w XXI wieku?, Krak\u00f3w 2023. Cud nie\u015bmiertelno\u015bci. Co b\u0119dzie po \u017cyciu ziemskim?, Krak\u00f3w 2023. Jedno\u015b\u0107 wiary. Odpowiedzialno\u015b\u0107 Rzymu [&hellip;]<\/p>\n","protected":false},"author":1,"featured_media":0,"parent":263,"menu_order":2,"comment_status":"closed","ping_status":"closed","template":"","meta":{"footnotes":""},"class_list":["post-277","page","type-page","status-publish","hentry"],"wps_subtitle":"","_links":{"self":[{"href":"https:\/\/cardinal-mueller.com\/index.php\/wp-json\/wp\/v2\/pages\/277","targetHints":{"allow":["GET"]}}],"collection":[{"href":"https:\/\/cardinal-mueller.com\/index.php\/wp-json\/wp\/v2\/pages"}],"about":[{"href":"https:\/\/cardinal-mueller.com\/index.php\/wp-json\/wp\/v2\/types\/page"}],"author":[{"embeddable":true,"href":"https:\/\/cardinal-mueller.com\/index.php\/wp-json\/wp\/v2\/users\/1"}],"replies":[{"embeddable":true,"href":"https:\/\/cardinal-mueller.com\/index.php\/wp-json\/wp\/v2\/comments?post=277"}],"version-history":[{"count":42,"href":"https:\/\/cardinal-mueller.com\/index.php\/wp-json\/wp\/v2\/pages\/277\/revisions"}],"predecessor-version":[{"id":1346,"href":"https:\/\/cardinal-mueller.com\/index.php\/wp-json\/wp\/v2\/pages\/277\/revisions\/1346"}],"up":[{"embeddable":true,"href":"https:\/\/cardinal-mueller.com\/index.php\/wp-json\/wp\/v2\/pages\/263"}],"wp:attachment":[{"href":"https:\/\/cardinal-mueller.com\/index.php\/wp-json\/wp\/v2\/media?parent=277"}],"curies":[{"name":"wp","href":"https:\/\/api.w.org\/{rel}","templated":true}]}}