{"id":267,"date":"2021-09-21T20:23:49","date_gmt":"2021-09-21T18:23:49","guid":{"rendered":"https:\/\/cardinal-mueller.com\/?page_id=267"},"modified":"2023-02-14T18:04:57","modified_gmt":"2023-02-14T17:04:57","slug":"interviews","status":"publish","type":"page","link":"https:\/\/cardinal-mueller.com\/index.php\/publications\/interview\/interviews\/","title":{"rendered":"TV"},"content":{"rendered":"\n<figure class=\"wp-block-embed is-type-video is-provider-youtube wp-block-embed-youtube wp-embed-aspect-16-9 wp-has-aspect-ratio\"><div class=\"wp-block-embed__wrapper\">\n<iframe title=\"On fidelity to the Gospel in mission of theologians, bishops and the pope with cardinal G. Muller\" width=\"640\" height=\"360\" src=\"https:\/\/www.youtube.com\/embed\/f9FRQmDVA_M?feature=oembed\" frameborder=\"0\" allow=\"accelerometer; autoplay; clipboard-write; encrypted-media; gyroscope; picture-in-picture; web-share\" referrerpolicy=\"strict-origin-when-cross-origin\" allowfullscreen><\/iframe>\n<\/div><figcaption class=\"wp-element-caption\">On fidelity to the Gospel in mission of theologians, bishops and the pope with cardinal G. Muller (22.01.2023)<\/figcaption><\/figure>\n\n\n\n<hr class=\"wp-block-separator has-alpha-channel-opacity is-style-wide\"\/>\n\n\n\n<figure class=\"wp-block-embed is-type-video is-provider-youtube wp-block-embed-youtube wp-embed-aspect-16-9 wp-has-aspect-ratio\"><div class=\"wp-block-embed__wrapper\">\n<iframe title=\"Johnny Messana Intervista  Sua Eminenza Reverendissima Cardinale Gerhard Muller\" width=\"640\" height=\"360\" src=\"https:\/\/www.youtube.com\/embed\/VZddssrmvw0?feature=oembed\" frameborder=\"0\" allow=\"accelerometer; autoplay; clipboard-write; encrypted-media; gyroscope; picture-in-picture; web-share\" referrerpolicy=\"strict-origin-when-cross-origin\" allowfullscreen><\/iframe>\n<\/div><figcaption class=\"wp-element-caption\">Johnny Messana Intervista Sua Eminenza Reverendissima Cardinale Gerhard Muller (21.01.2022)<\/figcaption><\/figure>\n\n\n\n<hr class=\"wp-block-separator has-alpha-channel-opacity is-style-wide\"\/>\n\n\n\n<figure class=\"wp-block-embed is-type-video is-provider-youtube wp-block-embed-youtube wp-embed-aspect-16-9 wp-has-aspect-ratio\"><div class=\"wp-block-embed__wrapper\">\n<iframe title=\"Stanze vaticane: puntata del 15 gennaio 2023\" width=\"640\" height=\"360\" src=\"https:\/\/www.youtube.com\/embed\/rg6zzb0ldBg?feature=oembed\" frameborder=\"0\" allow=\"accelerometer; autoplay; clipboard-write; encrypted-media; gyroscope; picture-in-picture; web-share\" referrerpolicy=\"strict-origin-when-cross-origin\" allowfullscreen><\/iframe>\n<\/div><figcaption class=\"wp-element-caption\">(15.01.2023)<\/figcaption><\/figure>\n\n\n\n<hr class=\"wp-block-separator has-alpha-channel-opacity is-style-wide\"\/>\n\n\n\n<figure class=\"wp-block-embed is-type-video is-provider-youtube wp-block-embed-youtube wp-embed-aspect-16-9 wp-has-aspect-ratio\"><div class=\"wp-block-embed__wrapper\">\n<iframe title=\"The World Over January 12, 2023 | CARDINAL PELL, REST IN PEACE: Cardinal Gerhard Mueller\" width=\"640\" height=\"360\" src=\"https:\/\/www.youtube.com\/embed\/Y7efizTkMYo?feature=oembed\" frameborder=\"0\" allow=\"accelerometer; autoplay; clipboard-write; encrypted-media; gyroscope; picture-in-picture; web-share\" referrerpolicy=\"strict-origin-when-cross-origin\" allowfullscreen><\/iframe>\n<\/div><figcaption class=\"wp-element-caption\">CARDINAL PELL, REST IN PEACE: Cardinal Gerhard Mueller (12.01.2023)<\/figcaption><\/figure>\n\n\n\n<hr class=\"wp-block-separator has-alpha-channel-opacity is-style-wide\"\/>\n\n\n\n<figure class=\"wp-block-embed is-type-video is-provider-youtube wp-block-embed-youtube wp-embed-aspect-16-9 wp-has-aspect-ratio\"><div class=\"wp-block-embed__wrapper\">\nhttps:\/\/www.youtube.com\/watch?v=MIwpHEM9q3Q\n<\/div><figcaption class=\"wp-element-caption\">Cardinal Muller Exclusive: Will Progressive Leadership Destroy The Church? (11.01.2023)<\/figcaption><\/figure>\n\n\n\n<hr class=\"wp-block-separator has-alpha-channel-opacity is-style-wide\"\/>\n\n\n\n<figure class=\"wp-block-embed is-type-video is-provider-youtube wp-block-embed-youtube wp-embed-aspect-16-9 wp-has-aspect-ratio\"><div class=\"wp-block-embed__wrapper\">\n<iframe title=\"Kard. M\u00fcller: Jan Pawe\u0142 II i Joseph Ratzinger tworzyli doskona\u0142y tandem\" width=\"640\" height=\"360\" src=\"https:\/\/www.youtube.com\/embed\/RHXXj1-r31I?feature=oembed\" frameborder=\"0\" allow=\"accelerometer; autoplay; clipboard-write; encrypted-media; gyroscope; picture-in-picture; web-share\" referrerpolicy=\"strict-origin-when-cross-origin\" allowfullscreen><\/iframe>\n<\/div><figcaption class=\"wp-element-caption\">Kard. M\u00fcller: Jan Pawe\u0142 II i Joseph Ratzinger tworzyli doskona\u0142y tandem (05.01.2023)<\/figcaption><\/figure>\n\n\n\n<hr class=\"wp-block-separator has-alpha-channel-opacity is-style-wide\"\/>\n\n\n\n<figure class=\"wp-block-embed is-type-video is-provider-youtube wp-block-embed-youtube wp-embed-aspect-16-9 wp-has-aspect-ratio\"><div class=\"wp-block-embed__wrapper\">\n<iframe title=\"LOHMANN:direkt - mit Gerhard Kardinal M\u00fcller\" width=\"640\" height=\"360\" src=\"https:\/\/www.youtube.com\/embed\/zfnofkGYQko?feature=oembed\" frameborder=\"0\" allow=\"accelerometer; autoplay; clipboard-write; encrypted-media; gyroscope; picture-in-picture; web-share\" referrerpolicy=\"strict-origin-when-cross-origin\" allowfullscreen><\/iframe>\n<\/div><figcaption class=\"wp-element-caption\">LOHMANN:direkt &#8211; mit Gerhard Kardinal M\u00fcller (07.12.2022)<\/figcaption><\/figure>\n\n\n\n<hr class=\"wp-block-separator has-alpha-channel-opacity is-style-wide\"\/>\n\n\n\n<figure class=\"wp-block-embed is-type-video is-provider-youtube wp-block-embed-youtube wp-embed-aspect-16-9 wp-has-aspect-ratio\"><div class=\"wp-block-embed__wrapper\">\n<iframe title=\"CARDENAL M\u00dcLLER: \u201cLOS OBISPOS ALEMANES SON COBARDES\u201d\" width=\"640\" height=\"360\" src=\"https:\/\/www.youtube.com\/embed\/hLyzcwCD8pc?feature=oembed\" frameborder=\"0\" allow=\"accelerometer; autoplay; clipboard-write; encrypted-media; gyroscope; picture-in-picture; web-share\" referrerpolicy=\"strict-origin-when-cross-origin\" allowfullscreen><\/iframe>\n<\/div><figcaption class=\"wp-element-caption\">Cardenal M\u00fcller: &#8222;Los obispos alemanes son cobardes ante la opini\u00f3n p\u00fablica&#8221; (18.11.2022)<\/figcaption><\/figure>\n\n\n\n<hr class=\"wp-block-separator has-alpha-channel-opacity is-style-wide\"\/>\n\n\n\n<figure class=\"wp-block-embed is-type-video is-provider-youtube wp-block-embed-youtube wp-embed-aspect-16-9 wp-has-aspect-ratio\"><div class=\"wp-block-embed__wrapper\">\n<iframe title=\"Rozmowa z J. Em. Ks. Kard. Gerhardem L. M\u00fcllerem\" width=\"640\" height=\"360\" src=\"https:\/\/www.youtube.com\/embed\/-bU3S0gUHYE?feature=oembed\" frameborder=\"0\" allow=\"accelerometer; autoplay; clipboard-write; encrypted-media; gyroscope; picture-in-picture; web-share\" referrerpolicy=\"strict-origin-when-cross-origin\" allowfullscreen><\/iframe>\n<\/div><figcaption class=\"wp-element-caption\">(10.11.2022)<\/figcaption><\/figure>\n\n\n\n<hr class=\"wp-block-separator has-alpha-channel-opacity is-style-wide\"\/>\n\n\n\n<figure class=\"wp-block-embed is-type-video is-provider-youtube wp-block-embed-youtube wp-embed-aspect-16-9 wp-has-aspect-ratio\"><div class=\"wp-block-embed__wrapper\">\n<iframe title=\"The World Over October 6, 2022 | SYNOD ON SYNODALITY: Cardinal Gerhard M\u00fcller with Raymond Arroyo\" width=\"640\" height=\"360\" src=\"https:\/\/www.youtube.com\/embed\/f2RLM0OMDRg?feature=oembed\" frameborder=\"0\" allow=\"accelerometer; autoplay; clipboard-write; encrypted-media; gyroscope; picture-in-picture; web-share\" referrerpolicy=\"strict-origin-when-cross-origin\" allowfullscreen><\/iframe>\n<\/div><figcaption class=\"wp-element-caption\">&nbsp;SYNOD ON SYNODALITY (06.10.2022)<\/figcaption><\/figure>\n\n\n\n<hr class=\"wp-block-separator has-alpha-channel-opacity is-style-wide\"\/>\n\n\n\n<figure class=\"wp-block-embed is-type-video is-provider-youtube wp-block-embed-youtube wp-embed-aspect-16-9 wp-has-aspect-ratio\"><div class=\"wp-block-embed__wrapper\">\n<iframe title=\"\u00bbTransgender ist ein Verbrechen an Kindern!\u00ab \u2013 Gerhard Ludwig Kardinal M\u00fcller\" width=\"640\" height=\"360\" src=\"https:\/\/www.youtube.com\/embed\/hMBuaVvdSYo?feature=oembed\" frameborder=\"0\" allow=\"accelerometer; autoplay; clipboard-write; encrypted-media; gyroscope; picture-in-picture; web-share\" referrerpolicy=\"strict-origin-when-cross-origin\" allowfullscreen><\/iframe>\n<\/div><figcaption class=\"wp-element-caption\">\u00bbTransgender ist ein Verbrechen an Kindern!\u00ab \u2013 Gerhard Ludwig Kardinal M\u00fcller (01.06.2022)<\/figcaption><\/figure>\n\n\n\n<hr class=\"wp-block-separator has-alpha-channel-opacity is-style-wide\"\/>\n\n\n\n<figure class=\"wp-block-embed is-type-video is-provider-youtube wp-block-embed-youtube wp-embed-aspect-16-9 wp-has-aspect-ratio\"><div class=\"wp-block-embed__wrapper\">\n<iframe title=\"Cara a Cara - 2022-02-10 - Cardenal Gerhard Ludwig M\u00fcller - la Obra del Cardenal Ratzinger\" width=\"640\" height=\"360\" src=\"https:\/\/www.youtube.com\/embed\/lF6cNaGP0H8?feature=oembed\" frameborder=\"0\" allow=\"accelerometer; autoplay; clipboard-write; encrypted-media; gyroscope; picture-in-picture; web-share\" referrerpolicy=\"strict-origin-when-cross-origin\" allowfullscreen><\/iframe>\n<\/div><figcaption class=\"wp-element-caption\">Cara a Cara: Cardenal Gerhard Ludwig M\u00fcller &#8211; la Obra del Cardenal Ratzinger (10.02.2022).<\/figcaption><\/figure>\n\n\n\n<hr class=\"wp-block-separator has-css-opacity is-style-wide\"\/>\n\n\n\n<figure class=\"wp-block-embed is-type-video is-provider-youtube wp-block-embed-youtube wp-embed-aspect-16-9 wp-has-aspect-ratio\"><div class=\"wp-block-embed__wrapper\">\n<iframe title=\"Kardinal M\u00fcller - spricht \u00fcber Impfzwang, die Sakramente und den Great Reset\" width=\"640\" height=\"360\" src=\"https:\/\/www.youtube.com\/embed\/3bwbnmoy4sE?feature=oembed\" frameborder=\"0\" allow=\"accelerometer; autoplay; clipboard-write; encrypted-media; gyroscope; picture-in-picture; web-share\" referrerpolicy=\"strict-origin-when-cross-origin\" allowfullscreen><\/iframe>\n<\/div><figcaption class=\"wp-element-caption\">Kardinal M\u00fcller &#8211; spricht \u00fcber Impfzwang, die Sakramente und den Great Reset (15.12.2021).<\/figcaption><\/figure>\n\n\n\n<hr class=\"wp-block-separator has-css-opacity is-style-wide\"\/>\n\n\n\n<figure class=\"wp-block-embed is-type-video is-provider-youtube wp-block-embed-youtube wp-embed-aspect-16-9 wp-has-aspect-ratio\"><div class=\"wp-block-embed__wrapper\">\n<iframe title=\"Cardinal Gerhard Ludwig M\u00fcller on the Church | The Augustine Institute Show with Dr. Tim Gray\" width=\"640\" height=\"360\" src=\"https:\/\/www.youtube.com\/embed\/ef6WAgRQ0vI?feature=oembed\" frameborder=\"0\" allow=\"accelerometer; autoplay; clipboard-write; encrypted-media; gyroscope; picture-in-picture; web-share\" referrerpolicy=\"strict-origin-when-cross-origin\" allowfullscreen><\/iframe>\n<\/div><figcaption class=\"wp-element-caption\">Cardinal Gerhard Ludwig M\u00fcller on the Church | The Augustine Institute Show with Dr. Tim Gray (12.11.2021).<\/figcaption><\/figure>\n\n\n\n<hr class=\"wp-block-separator has-css-opacity is-style-wide\"\/>\n\n\n\n<figure class=\"wp-block-embed is-type-video is-provider-youtube wp-block-embed-youtube wp-embed-aspect-16-9 wp-has-aspect-ratio\"><div class=\"wp-block-embed__wrapper\">\n<iframe title=\"UNSER SONNTAG mit Gerhard Ludwig Kardinal M\u00fcller I So. - 07.11.21\" width=\"640\" height=\"360\" src=\"https:\/\/www.youtube.com\/embed\/FSN3anx1HrE?feature=oembed\" frameborder=\"0\" allow=\"accelerometer; autoplay; clipboard-write; encrypted-media; gyroscope; picture-in-picture; web-share\" referrerpolicy=\"strict-origin-when-cross-origin\" allowfullscreen><\/iframe>\n<\/div><figcaption class=\"wp-element-caption\">UNSER SONNTAG mit Gerhard Ludwig Kardinal M\u00fcller (07.11.2021).<\/figcaption><\/figure>\n\n\n\n<hr class=\"wp-block-separator has-css-opacity is-style-wide\"\/>\n\n\n\n<figure class=\"wp-block-embed is-type-video is-provider-youtube wp-block-embed-youtube wp-embed-aspect-16-9 wp-has-aspect-ratio\"><div class=\"wp-block-embed__wrapper\">\nhttps:\/\/www.youtube.com\/watch?v=oKE4HKMs3i8\n<\/div><figcaption class=\"wp-element-caption\">Cardinal M\u00fcller insists pro-abortion politicians like Joe Biden cannot receive the Eucharist (29.10.2021).<\/figcaption><\/figure>\n\n\n\n<hr class=\"wp-block-separator has-css-opacity is-style-wide\"\/>\n\n\n\n<figure class=\"wp-block-embed is-type-video is-provider-youtube wp-block-embed-youtube wp-embed-aspect-16-9 wp-has-aspect-ratio\"><div class=\"wp-block-embed__wrapper\">\n<iframe title=\"The World Over October 21, 2021 | SYNODALITY!: Cardinal Gerhard Muller with Raymond Arroyo\" width=\"640\" height=\"360\" src=\"https:\/\/www.youtube.com\/embed\/B0952ajY0PM?feature=oembed\" frameborder=\"0\" allow=\"accelerometer; autoplay; clipboard-write; encrypted-media; gyroscope; picture-in-picture; web-share\" referrerpolicy=\"strict-origin-when-cross-origin\" allowfullscreen><\/iframe>\n<\/div><figcaption class=\"wp-element-caption\">SYNODALITY!: Cardinal Gerhard Muller with Raymond Arroyo (21.10.2021).<\/figcaption><\/figure>\n\n\n\n<hr class=\"wp-block-separator has-css-opacity is-style-wide\"\/>\n\n\n\n<figure class=\"wp-block-embed is-type-video is-provider-youtube wp-block-embed-youtube wp-embed-aspect-16-9 wp-has-aspect-ratio\"><div class=\"wp-block-embed__wrapper\">\n<iframe title=\"Was ist katholisch? | Katholische Prinzipien - Interview mit Gerhard Kardinal M\u00fcller\" width=\"640\" height=\"360\" src=\"https:\/\/www.youtube.com\/embed\/adBgCy0qsOw?feature=oembed\" frameborder=\"0\" allow=\"accelerometer; autoplay; clipboard-write; encrypted-media; gyroscope; picture-in-picture; web-share\" referrerpolicy=\"strict-origin-when-cross-origin\" allowfullscreen><\/iframe>\n<\/div><figcaption class=\"wp-element-caption\">Was ist katholisch? | Katholische Prinzipien &#8211; Interview mit Gerhard Kardinal M\u00fcller (16.10.2021).<\/figcaption><\/figure>\n\n\n\n<hr class=\"wp-block-separator has-css-opacity is-style-wide\"\/>\n\n\n\n<figure class=\"wp-block-embed is-type-video is-provider-youtube wp-block-embed-youtube wp-embed-aspect-16-9 wp-has-aspect-ratio\"><div class=\"wp-block-embed__wrapper\">\n<iframe title=\"Gerhard Ludwig M\u00fcller, Leone d&#039;oro Venezia\" width=\"640\" height=\"360\" src=\"https:\/\/www.youtube.com\/embed\/1TMV0swRpIo?feature=oembed\" frameborder=\"0\" allow=\"accelerometer; autoplay; clipboard-write; encrypted-media; gyroscope; picture-in-picture; web-share\" referrerpolicy=\"strict-origin-when-cross-origin\" allowfullscreen><\/iframe>\n<\/div><figcaption class=\"wp-element-caption\">&nbsp;Leone d&#8217;Oro di San Marco (01.10.2021).<\/figcaption><\/figure>\n\n\n\n<hr class=\"wp-block-separator has-css-opacity is-style-wide\"\/>\n\n\n\n<figure class=\"wp-block-embed is-type-video is-provider-youtube wp-block-embed-youtube wp-embed-aspect-16-9 wp-has-aspect-ratio\"><div class=\"wp-block-embed__wrapper\">\n<iframe title=\"Wywiad z ks. kard Gerhardem L. M\u00fcllerem, by\u0142ym Prefektem Kongregacji Nauki i Wiary\" width=\"640\" height=\"360\" src=\"https:\/\/www.youtube.com\/embed\/-yBbBu5_4cA?feature=oembed\" frameborder=\"0\" allow=\"accelerometer; autoplay; clipboard-write; encrypted-media; gyroscope; picture-in-picture; web-share\" referrerpolicy=\"strict-origin-when-cross-origin\" allowfullscreen><\/iframe>\n<\/div><figcaption class=\"wp-element-caption\">Wywiad z ks. kard Gerhardem L. M\u00fcllerem, by\u0142ym Prefektem Kongregacji Nauki Wiary (14.09.2021).<\/figcaption><\/figure>\n\n\n\n<hr class=\"wp-block-separator has-css-opacity is-style-wide\"\/>\n\n\n\n<figure class=\"wp-block-embed is-type-video is-provider-youtube wp-block-embed-youtube wp-embed-aspect-16-9 wp-has-aspect-ratio\"><div class=\"wp-block-embed__wrapper\">\n<iframe title=\"WORLD OVER - 2021-07-29 - FULL EPISODE: (ENCORE) CARDINALS GERHARD M\u00dcLLER, RAYMOND BURKE, &amp; PAPAL PO\" width=\"640\" height=\"360\" src=\"https:\/\/www.youtube.com\/embed\/6PV8Biz0etc?feature=oembed\" frameborder=\"0\" allow=\"accelerometer; autoplay; clipboard-write; encrypted-media; gyroscope; picture-in-picture; web-share\" referrerpolicy=\"strict-origin-when-cross-origin\" allowfullscreen><\/iframe>\n<\/div><figcaption class=\"wp-element-caption\">FULL EPISODE: (ENCORE) CARDINALS GERHARD M\u00dcLLER, RAYMOND BURKE, &amp; PAPAL PO (29.07.2021).<\/figcaption><\/figure>\n\n\n\n<hr class=\"wp-block-separator has-css-opacity is-style-wide\"\/>\n\n\n\n<figure class=\"wp-block-embed is-type-video is-provider-youtube wp-block-embed-youtube wp-embed-aspect-16-9 wp-has-aspect-ratio\"><div class=\"wp-block-embed__wrapper\">\n<iframe title=\"World Over - 2021-05-13 - Cardinal Gerhard Muller and George Weigel with Raymond Arroyo\" width=\"640\" height=\"360\" src=\"https:\/\/www.youtube.com\/embed\/Jov4DE633ig?feature=oembed\" frameborder=\"0\" allow=\"accelerometer; autoplay; clipboard-write; encrypted-media; gyroscope; picture-in-picture; web-share\" referrerpolicy=\"strict-origin-when-cross-origin\" allowfullscreen><\/iframe>\n<\/div><figcaption class=\"wp-element-caption\">Cardinal Gerhard Muller and George Weigel with Raymond Arroyo (13.05.2021).<\/figcaption><\/figure>\n\n\n\n<hr class=\"wp-block-separator has-css-opacity is-style-wide\"\/>\n\n\n\n<figure class=\"wp-block-embed is-type-video is-provider-youtube wp-block-embed-youtube wp-embed-aspect-16-9 wp-has-aspect-ratio\"><div class=\"wp-block-embed__wrapper\">\n<iframe title=\"World Over - 2021-03-18 - Gerhard Cardinal M\u00fcller with Raymond Arroyo\" width=\"640\" height=\"360\" src=\"https:\/\/www.youtube.com\/embed\/hEwYRKr47Lo?feature=oembed\" frameborder=\"0\" allow=\"accelerometer; autoplay; clipboard-write; encrypted-media; gyroscope; picture-in-picture; web-share\" referrerpolicy=\"strict-origin-when-cross-origin\" allowfullscreen><\/iframe>\n<\/div><figcaption class=\"wp-element-caption\">Gerhard Cardinal M\u00fcller with Raymond Arroyo (18.03.2021)<\/figcaption><\/figure>\n\n\n\n<hr class=\"wp-block-separator has-css-opacity is-style-wide\"\/>\n\n\n\n<figure class=\"wp-block-embed is-type-video is-provider-youtube wp-block-embed-youtube wp-embed-aspect-16-9 wp-has-aspect-ratio\"><div class=\"wp-block-embed__wrapper\">\nhttps:\/\/www.youtube.com\/watch?v=jCRmM5Ul69Q\n<\/div><figcaption class=\"wp-element-caption\">Cdl. M\u00fcller discusses US election, McCarrick, lockdowns, and more (11.12.2020).<\/figcaption><\/figure>\n\n\n\n<hr class=\"wp-block-separator has-css-opacity is-style-wide\"\/>\n\n\n\n<figure class=\"wp-block-embed is-type-video is-provider-youtube wp-block-embed-youtube wp-embed-aspect-16-9 wp-has-aspect-ratio\"><div class=\"wp-block-embed__wrapper\">\n<iframe title=\"Cara a Cara - 2020-10-23 - 10\/22\/20 Cardenal Gerhard Ludwig Muller\" width=\"640\" height=\"360\" src=\"https:\/\/www.youtube.com\/embed\/168o_g2Svdo?feature=oembed\" frameborder=\"0\" allow=\"accelerometer; autoplay; clipboard-write; encrypted-media; gyroscope; picture-in-picture; web-share\" referrerpolicy=\"strict-origin-when-cross-origin\" allowfullscreen><\/iframe>\n<\/div><figcaption class=\"wp-element-caption\">Cara a Cara: Cardenal Gerhard Ludwig Muller (23.10.2020).<\/figcaption><\/figure>\n\n\n\n<hr class=\"wp-block-separator has-css-opacity is-style-wide\"\/>\n\n\n\n<figure class=\"wp-block-embed is-type-video is-provider-youtube wp-block-embed-youtube wp-embed-aspect-16-9 wp-has-aspect-ratio\"><div class=\"wp-block-embed__wrapper\">\n<iframe title=\"Cardinal Gerhard M\u00fcller : La force de la v\u00e9rit\u00e9 - Le Zoom - TVL\" width=\"640\" height=\"360\" src=\"https:\/\/www.youtube.com\/embed\/A6s3BNgFm7A?feature=oembed\" frameborder=\"0\" allow=\"accelerometer; autoplay; clipboard-write; encrypted-media; gyroscope; picture-in-picture; web-share\" referrerpolicy=\"strict-origin-when-cross-origin\" allowfullscreen><\/iframe>\n<\/div><figcaption class=\"wp-element-caption\">Cardinal Gerhard M\u00fcller : La force de la v\u00e9rit\u00e9 &#8211; Le Zoom &#8211; TVL (04.10.2020)<\/figcaption><\/figure>\n\n\n\n<hr class=\"wp-block-separator has-css-opacity is-style-wide\"\/>\n\n\n\n<figure class=\"wp-block-embed is-type-video is-provider-youtube wp-block-embed-youtube wp-embed-aspect-16-9 wp-has-aspect-ratio\"><div class=\"wp-block-embed__wrapper\">\n<iframe title=\"World Over - 2020-09-10 - Gerhard Cardinal M\u00fcller with Raymond Arroyo\" width=\"640\" height=\"360\" src=\"https:\/\/www.youtube.com\/embed\/UIKv_KPUw18?feature=oembed\" frameborder=\"0\" allow=\"accelerometer; autoplay; clipboard-write; encrypted-media; gyroscope; picture-in-picture; web-share\" referrerpolicy=\"strict-origin-when-cross-origin\" allowfullscreen><\/iframe>\n<\/div><figcaption class=\"wp-element-caption\">Gerhard Cardinal M\u00fcller with Raymond Arroyo (10.09.2020).<\/figcaption><\/figure>\n\n\n\n<hr class=\"wp-block-separator has-css-opacity is-style-wide\"\/>\n\n\n\n<figure class=\"wp-block-embed is-type-video is-provider-youtube wp-block-embed-youtube wp-embed-aspect-16-9 wp-has-aspect-ratio\"><div class=\"wp-block-embed__wrapper\">\n<iframe title=\"Wywiad z ks. kard. Gerhardem Ludwigiem M\u00fcllerem, by\u0142ym prefektem Kongregacji Nauki Wiary\" width=\"640\" height=\"360\" src=\"https:\/\/www.youtube.com\/embed\/-YktR0FHqIM?feature=oembed\" frameborder=\"0\" allow=\"accelerometer; autoplay; clipboard-write; encrypted-media; gyroscope; picture-in-picture; web-share\" referrerpolicy=\"strict-origin-when-cross-origin\" allowfullscreen><\/iframe>\n<\/div><figcaption class=\"wp-element-caption\">Wywiad z ks. kard. Gerhardem Ludwigiem M\u00fcllerem, by\u0142ym prefektem Kongregacji Nauki Wiary (07.09.2020).<\/figcaption><\/figure>\n\n\n\n<hr class=\"wp-block-separator has-css-opacity is-style-wide\"\/>\n\n\n\n<figure class=\"wp-block-embed is-type-video is-provider-youtube wp-block-embed-youtube wp-embed-aspect-16-9 wp-has-aspect-ratio\"><div class=\"wp-block-embed__wrapper\">\n<iframe title=\"Talk aus Rom  I  Dr. Claudia Kaminski im Gespr\u00e4ch mit Gerhard Ludwig Kardinal M\u00fcller I  Teil 1\" width=\"640\" height=\"360\" src=\"https:\/\/www.youtube.com\/embed\/QpE3VzQQFfY?feature=oembed\" frameborder=\"0\" allow=\"accelerometer; autoplay; clipboard-write; encrypted-media; gyroscope; picture-in-picture; web-share\" referrerpolicy=\"strict-origin-when-cross-origin\" allowfullscreen><\/iframe>\n<\/div><figcaption class=\"wp-element-caption\">Talk aus Rom I Dr. Claudia Kaminski im Gespr\u00e4ch mit Gerhard Ludwig Kardinal M\u00fcller I Teil 1 (22.06.2020).<\/figcaption><\/figure>\n\n\n\n<hr class=\"wp-block-separator has-css-opacity is-style-wide\"\/>\n\n\n\n<figure class=\"wp-block-embed is-type-video is-provider-youtube wp-block-embed-youtube wp-embed-aspect-16-9 wp-has-aspect-ratio\"><div class=\"wp-block-embed__wrapper\">\n<iframe title=\"World Over \u2013 2020-05-21 - Cardinal Gerhard Muller with Raymond Arroyo\" width=\"640\" height=\"360\" src=\"https:\/\/www.youtube.com\/embed\/rmBrdWekNn8?feature=oembed\" frameborder=\"0\" allow=\"accelerometer; autoplay; clipboard-write; encrypted-media; gyroscope; picture-in-picture; web-share\" referrerpolicy=\"strict-origin-when-cross-origin\" allowfullscreen><\/iframe>\n<\/div><figcaption class=\"wp-element-caption\">Cardinal Gerhard Muller with Raymond Arroyo (21.05.2020).<\/figcaption><\/figure>\n\n\n\n<hr class=\"wp-block-separator has-css-opacity is-style-wide\"\/>\n\n\n\n<figure class=\"wp-block-embed is-type-video is-provider-youtube wp-block-embed-youtube wp-embed-aspect-16-9 wp-has-aspect-ratio\"><div class=\"wp-block-embed__wrapper\">\n<iframe title=\"Charbel TV-Rozmowa z Kard. Gerhardem L. M\u00fcllerem-Intervista con card. Gerhard M\u00fcller-21.01.2020\" width=\"640\" height=\"360\" src=\"https:\/\/www.youtube.com\/embed\/kdf6YzaNAWk?feature=oembed\" frameborder=\"0\" allow=\"accelerometer; autoplay; clipboard-write; encrypted-media; gyroscope; picture-in-picture; web-share\" referrerpolicy=\"strict-origin-when-cross-origin\" allowfullscreen><\/iframe>\n<\/div><figcaption class=\"wp-element-caption\">Charbel TV-Rozmowa z Kard. Gerhardem L. M\u00fcllerem-Intervista con card. Gerhard M\u00fcller (21.01.2020).<\/figcaption><\/figure>\n\n\n\n<hr class=\"wp-block-separator has-css-opacity is-style-wide\"\/>\n\n\n\n<figure class=\"wp-block-embed is-type-video is-provider-youtube wp-block-embed-youtube wp-embed-aspect-16-9 wp-has-aspect-ratio\"><div class=\"wp-block-embed__wrapper\">\n<iframe title=\"Cardinal M\u00fcller&#039;s advice for the politicized U.S. - EWTN News Nightly\" width=\"640\" height=\"360\" src=\"https:\/\/www.youtube.com\/embed\/TMwvr5L5Ttg?feature=oembed\" frameborder=\"0\" allow=\"accelerometer; autoplay; clipboard-write; encrypted-media; gyroscope; picture-in-picture; web-share\" referrerpolicy=\"strict-origin-when-cross-origin\" allowfullscreen><\/iframe>\n<\/div><figcaption class=\"wp-element-caption\">Cardinal M\u00fcller&#8217;s advice for the politicized U.S. &#8211; EWTN News Nightly (16.09.2019).<\/figcaption><\/figure>\n\n\n\n<hr class=\"wp-block-separator has-css-opacity is-style-wide\"\/>\n\n\n\n<figure class=\"wp-block-embed is-type-video is-provider-youtube wp-block-embed-youtube wp-embed-aspect-16-9 wp-has-aspect-ratio\"><div class=\"wp-block-embed__wrapper\">\n<iframe title=\"KIRCHE IN NOT - Deutschland: Interview mit Gerhard Ludwig Kardinal M\u00fcller...\" width=\"640\" height=\"360\" src=\"https:\/\/www.youtube.com\/embed\/B2y6mKmBzbY?feature=oembed\" frameborder=\"0\" allow=\"accelerometer; autoplay; clipboard-write; encrypted-media; gyroscope; picture-in-picture; web-share\" referrerpolicy=\"strict-origin-when-cross-origin\" allowfullscreen><\/iframe>\n<\/div><figcaption class=\"wp-element-caption\">KIRCHE IN NOT &#8211; Deutschland: Interview mit Gerhard Ludwig Kardinal M\u00fcller&#8230; (06.02.2019).<\/figcaption><\/figure>\n\n\n\n<hr class=\"wp-block-separator has-css-opacity is-style-wide\"\/>\n\n\n\n<figure class=\"wp-block-embed is-type-video is-provider-youtube wp-block-embed-youtube wp-embed-aspect-16-9 wp-has-aspect-ratio\"><div class=\"wp-block-embed__wrapper\">\n<iframe title=\"World Over - 2018-11-22 \u2013 Exclusive - Cardinal Gerhard M\u00fcller with Raymond Arroyo\" width=\"640\" height=\"360\" src=\"https:\/\/www.youtube.com\/embed\/u2z06fgokQI?feature=oembed\" frameborder=\"0\" allow=\"accelerometer; autoplay; clipboard-write; encrypted-media; gyroscope; picture-in-picture; web-share\" referrerpolicy=\"strict-origin-when-cross-origin\" allowfullscreen><\/iframe>\n<\/div><figcaption class=\"wp-element-caption\">Exclusive &#8211; Cardinal Gerhard M\u00fcller with Raymond Arroyo (22.11.2018).<\/figcaption><\/figure>\n\n\n\n<hr class=\"wp-block-separator has-css-opacity is-style-wide\"\/>\n\n\n\n<figure class=\"wp-block-embed is-type-video is-provider-youtube wp-block-embed-youtube wp-embed-aspect-16-9 wp-has-aspect-ratio\"><div class=\"wp-block-embed__wrapper\">\n<iframe title=\"Rozmowa z kard. Gerhardem Ludwigiem M\u00fcllerem o dechrystianizacji i rechrystianizacji Europy\" width=\"640\" height=\"360\" src=\"https:\/\/www.youtube.com\/embed\/6Bj7xA7ozJo?feature=oembed\" frameborder=\"0\" allow=\"accelerometer; autoplay; clipboard-write; encrypted-media; gyroscope; picture-in-picture; web-share\" referrerpolicy=\"strict-origin-when-cross-origin\" allowfullscreen><\/iframe>\n<\/div><figcaption class=\"wp-element-caption\">Rozmowa z kard. Gerhardem Ludwigiem M\u00fcllerem o dechrystianizacji i rechrystianizacji Europy (15.11.2018).<\/figcaption><\/figure>\n\n\n\n<hr class=\"wp-block-separator has-css-opacity is-style-wide\"\/>\n\n\n\n<figure class=\"wp-block-embed is-type-video is-provider-youtube wp-block-embed-youtube wp-embed-aspect-16-9 wp-has-aspect-ratio\"><div class=\"wp-block-embed__wrapper\">\n<iframe title=\"Wywiad z ks. kard. Gerhardem Ludwigiem M\u00fcllerem, b. prefektem watyka\u0144skiej Kongregacji Nauki Wiary\" width=\"640\" height=\"360\" src=\"https:\/\/www.youtube.com\/embed\/MKxSfqOJHpQ?feature=oembed\" frameborder=\"0\" allow=\"accelerometer; autoplay; clipboard-write; encrypted-media; gyroscope; picture-in-picture; web-share\" referrerpolicy=\"strict-origin-when-cross-origin\" allowfullscreen><\/iframe>\n<\/div><figcaption class=\"wp-element-caption\">Wywiad z ks. kard. Gerhardem Ludwigiem M\u00fcllerem, b. prefektem watyka\u0144skiej Kongregacji Nauki Wiary (02.09.2018).<\/figcaption><\/figure>\n\n\n\n<hr class=\"wp-block-separator has-css-opacity is-style-wide\"\/>\n\n\n\n<figure class=\"wp-block-embed is-type-video is-provider-youtube wp-block-embed-youtube wp-embed-aspect-16-9 wp-has-aspect-ratio\"><div class=\"wp-block-embed__wrapper\">\nhttps:\/\/www.youtube.com\/watch?v=gCpH9BUSm0Y\n<\/div><figcaption class=\"wp-element-caption\">Cdl. M\u00fcller: Contraception is \u2018intrinsically bad\u2019 | The John-Henry Westen Show (05.09.2018).<\/figcaption><\/figure>\n\n\n\n<hr class=\"wp-block-separator has-css-opacity is-style-wide\"\/>\n\n\n\n<figure class=\"wp-block-embed is-type-video is-provider-youtube wp-block-embed-youtube wp-embed-aspect-16-9 wp-has-aspect-ratio\"><div class=\"wp-block-embed__wrapper\">\n<iframe title=\"World Over - 2018-02-22 - Cardinal Gerhard Muller with Raymond Arroyo\" width=\"640\" height=\"360\" src=\"https:\/\/www.youtube.com\/embed\/L4FST64RwoE?feature=oembed\" frameborder=\"0\" allow=\"accelerometer; autoplay; clipboard-write; encrypted-media; gyroscope; picture-in-picture; web-share\" referrerpolicy=\"strict-origin-when-cross-origin\" allowfullscreen><\/iframe>\n<\/div><figcaption class=\"wp-element-caption\">Cardinal Gerhard Muller with Raymond Arroyo (22.02.2018).<\/figcaption><\/figure>\n\n\n\n<hr class=\"wp-block-separator has-css-opacity is-style-wide\"\/>\n\n\n\n<figure class=\"wp-block-embed is-type-video is-provider-youtube wp-block-embed-youtube wp-embed-aspect-16-9 wp-has-aspect-ratio\"><div class=\"wp-block-embed__wrapper\">\n<iframe title=\"World Over - 2017-08-17- Gerhard Cardinal Muller Exclusive with Raymond Arroyo\" width=\"640\" height=\"360\" src=\"https:\/\/www.youtube.com\/embed\/xpIiyAP-seM?feature=oembed\" frameborder=\"0\" allow=\"accelerometer; autoplay; clipboard-write; encrypted-media; gyroscope; picture-in-picture; web-share\" referrerpolicy=\"strict-origin-when-cross-origin\" allowfullscreen><\/iframe>\n<\/div><figcaption class=\"wp-element-caption\">Gerhard Cardinal Muller Exclusive with Raymond Arroyo (17.08.2017).<\/figcaption><\/figure>\n\n\n\n<hr class=\"wp-block-separator has-css-opacity is-style-wide\"\/>\n\n\n\n<figure class=\"wp-block-embed is-type-video is-provider-youtube wp-block-embed-youtube wp-embed-aspect-16-9 wp-has-aspect-ratio\"><div class=\"wp-block-embed__wrapper\">\n<iframe title=\"Cardinal M\u00fcller talks conscience rights - Vatican Connections\" width=\"640\" height=\"360\" src=\"https:\/\/www.youtube.com\/embed\/HlT4BHY8fqw?feature=oembed\" frameborder=\"0\" allow=\"accelerometer; autoplay; clipboard-write; encrypted-media; gyroscope; picture-in-picture; web-share\" referrerpolicy=\"strict-origin-when-cross-origin\" allowfullscreen><\/iframe>\n<\/div><figcaption class=\"wp-element-caption\">Cardinal M\u00fcller talks conscience rights &#8211; Vatican Connections (19.05.2017).<\/figcaption><\/figure>\n\n\n\n<hr class=\"wp-block-separator has-css-opacity is-style-wide\"\/>\n\n\n\n<figure class=\"wp-block-embed is-type-video is-provider-youtube wp-block-embed-youtube wp-embed-aspect-16-9 wp-has-aspect-ratio\"><div class=\"wp-block-embed__wrapper\">\nhttps:\/\/www.youtube.com\/watch?v=KMoz9Mrlzb8\n<\/div><figcaption class=\"wp-element-caption\">Rozmowa Kontrolowana: Gerhard Ludwig Muller (11.12.2016).<\/figcaption><\/figure>\n\n\n\n<hr class=\"wp-block-separator has-css-opacity is-style-wide\"\/>\n\n\n\n<figure class=\"wp-block-embed is-type-video is-provider-youtube wp-block-embed-youtube wp-embed-aspect-16-9 wp-has-aspect-ratio\"><div class=\"wp-block-embed__wrapper\">\n<iframe title=\"Gerhard Cardinal M\u00fcller: Obedience to Christ\" width=\"640\" height=\"360\" src=\"https:\/\/www.youtube.com\/embed\/ADO2cVaJf7c?feature=oembed\" frameborder=\"0\" allow=\"accelerometer; autoplay; clipboard-write; encrypted-media; gyroscope; picture-in-picture; web-share\" referrerpolicy=\"strict-origin-when-cross-origin\" allowfullscreen><\/iframe>\n<\/div><figcaption class=\"wp-element-caption\">Gerhard Cardinal M\u00fcller: Obedience to Christ (13.11.2015).<\/figcaption><\/figure>\n\n\n\n<hr class=\"wp-block-separator has-css-opacity is-style-wide\"\/>\n\n\n\n<figure class=\"wp-block-embed is-type-video is-provider-youtube wp-block-embed-youtube wp-embed-aspect-4-3 wp-has-aspect-ratio\"><div class=\"wp-block-embed__wrapper\">\n<iframe title=\"J\u00e9sus de Nazareth de Joseph Ratzinger\" width=\"640\" height=\"480\" src=\"https:\/\/www.youtube.com\/embed\/7Q0EiqKR-40?feature=oembed\" frameborder=\"0\" allow=\"accelerometer; autoplay; clipboard-write; encrypted-media; gyroscope; picture-in-picture; web-share\" referrerpolicy=\"strict-origin-when-cross-origin\" allowfullscreen><\/iframe>\n<\/div><figcaption class=\"wp-element-caption\">J\u00e9sus de Nazareth de Joseph Ratzinger (02.04.2015).<\/figcaption><\/figure>\n\n\n\n<hr class=\"wp-block-separator has-css-opacity is-style-wide\"\/>\n\n\n\n<figure class=\"wp-block-embed is-type-video is-provider-youtube wp-block-embed-youtube wp-embed-aspect-4-3 wp-has-aspect-ratio\"><div class=\"wp-block-embed__wrapper\">\n<iframe title=\"Entretien avec le cardinal M\u00fcller\" width=\"640\" height=\"480\" src=\"https:\/\/www.youtube.com\/embed\/FctvXcf3XL0?feature=oembed\" frameborder=\"0\" allow=\"accelerometer; autoplay; clipboard-write; encrypted-media; gyroscope; picture-in-picture; web-share\" referrerpolicy=\"strict-origin-when-cross-origin\" allowfullscreen><\/iframe>\n<\/div><figcaption class=\"wp-element-caption\">Entretien avec le cardinal M\u00fcller (02.04.2015).<\/figcaption><\/figure>\n\n\n\n<hr class=\"wp-block-separator has-css-opacity is-style-wide\"\/>\n\n\n\n<figure class=\"wp-block-embed is-type-video is-provider-youtube wp-block-embed-youtube wp-embed-aspect-16-9 wp-has-aspect-ratio\"><div class=\"wp-block-embed__wrapper\">\n<iframe title=\"Wywiad z JM ks. kard. Gerhardem L. M\u00fcllerem\" width=\"640\" height=\"360\" src=\"https:\/\/www.youtube.com\/embed\/0tEod_2gAPY?feature=oembed\" frameborder=\"0\" allow=\"accelerometer; autoplay; clipboard-write; encrypted-media; gyroscope; picture-in-picture; web-share\" referrerpolicy=\"strict-origin-when-cross-origin\" allowfullscreen><\/iframe>\n<\/div><figcaption class=\"wp-element-caption\">Wywiad z JM ks. kard. Gerhardem L. M\u00fcllerem (14.09.2014).<\/figcaption><\/figure>\n\n\n\n<hr class=\"wp-block-separator has-css-opacity is-style-wide\"\/>\n\n\n\n<figure class=\"wp-block-embed is-type-video is-provider-youtube wp-block-embed-youtube wp-embed-aspect-16-9 wp-has-aspect-ratio\"><div class=\"wp-block-embed__wrapper\">\n<iframe title=\"Rozmowa z JEm ks. kard Gerhardem L. Mullerem\" width=\"640\" height=\"360\" src=\"https:\/\/www.youtube.com\/embed\/RysXXaKA-2U?feature=oembed\" frameborder=\"0\" allow=\"accelerometer; autoplay; clipboard-write; encrypted-media; gyroscope; picture-in-picture; web-share\" referrerpolicy=\"strict-origin-when-cross-origin\" allowfullscreen><\/iframe>\n<\/div><figcaption class=\"wp-element-caption\">Rozmowa z JEm ks. kard Gerhardem L. Mullerem (31.08.2014).<\/figcaption><\/figure>\n\n\n\n<hr class=\"wp-block-separator has-css-opacity is-style-wide\"\/>\n\n\n\n<figure class=\"wp-block-embed is-type-video is-provider-youtube wp-block-embed-youtube wp-embed-aspect-16-9 wp-has-aspect-ratio\"><div class=\"wp-block-embed__wrapper\">\n<iframe title=\"Christmas 2013: An Open Church | Journal Interview\" width=\"640\" height=\"360\" src=\"https:\/\/www.youtube.com\/embed\/F37mTOsaEoI?feature=oembed\" frameborder=\"0\" allow=\"accelerometer; autoplay; clipboard-write; encrypted-media; gyroscope; picture-in-picture; web-share\" referrerpolicy=\"strict-origin-when-cross-origin\" allowfullscreen><\/iframe>\n<\/div><figcaption class=\"wp-element-caption\">Christmas 2013: An Open Church | Journal Interview (23.12.2013).<\/figcaption><\/figure>\n\n\n\n<hr class=\"wp-block-separator has-css-opacity is-style-wide\"\/>\n","protected":false},"excerpt":{"rendered":"","protected":false},"author":1,"featured_media":0,"parent":903,"menu_order":1,"comment_status":"closed","ping_status":"closed","template":"","meta":{"footnotes":""},"class_list":["post-267","page","type-page","status-publish","hentry"],"wps_subtitle":"","_links":{"self":[{"href":"https:\/\/cardinal-mueller.com\/index.php\/wp-json\/wp\/v2\/pages\/267","targetHints":{"allow":["GET"]}}],"collection":[{"href":"https:\/\/cardinal-mueller.com\/index.php\/wp-json\/wp\/v2\/pages"}],"about":[{"href":"https:\/\/cardinal-mueller.com\/index.php\/wp-json\/wp\/v2\/types\/page"}],"author":[{"embeddable":true,"href":"https:\/\/cardinal-mueller.com\/index.php\/wp-json\/wp\/v2\/users\/1"}],"replies":[{"embeddable":true,"href":"https:\/\/cardinal-mueller.com\/index.php\/wp-json\/wp\/v2\/comments?post=267"}],"version-history":[{"count":76,"href":"https:\/\/cardinal-mueller.com\/index.php\/wp-json\/wp\/v2\/pages\/267\/revisions"}],"predecessor-version":[{"id":1319,"href":"https:\/\/cardinal-mueller.com\/index.php\/wp-json\/wp\/v2\/pages\/267\/revisions\/1319"}],"up":[{"embeddable":true,"href":"https:\/\/cardinal-mueller.com\/index.php\/wp-json\/wp\/v2\/pages\/903"}],"wp:attachment":[{"href":"https:\/\/cardinal-mueller.com\/index.php\/wp-json\/wp\/v2\/media?parent=267"}],"curies":[{"name":"wp","href":"https:\/\/api.w.org\/{rel}","templated":true}]}}